{"id":8460,"date":"2024-11-07T18:32:54","date_gmt":"2024-11-07T18:32:54","guid":{"rendered":"https:\/\/dev-v2.graecherhof.ch\/a-propos-de-nous\/"},"modified":"2025-01-07T21:43:33","modified_gmt":"2025-01-07T21:43:33","slug":"a-propos-de-nous","status":"publish","type":"page","link":"https:\/\/graecherhof.ch\/fr\/a-propos-de-nous\/","title":{"rendered":"A propos de nous"},"content":{"rendered":"\t\t<div data-elementor-type=\"wp-page\" data-elementor-id=\"8460\" class=\"elementor elementor-8460 elementor-4796\" data-elementor-post-type=\"page\">\n\t\t\t\t\t\t<section class=\"elementor-section elementor-top-section elementor-element elementor-element-3418f21 elementor-section-boxed elementor-section-height-default elementor-section-height-default elementor-invisible\" data-id=\"3418f21\" data-element_type=\"section\" data-e-type=\"section\" data-settings=\"{&quot;background_background&quot;:&quot;classic&quot;,&quot;animation&quot;:&quot;fadeIn&quot;}\">\n\t\t\t\t\t\t<div class=\"elementor-container elementor-column-gap-default\">\n\t\t\t\t\t<div class=\"elementor-column elementor-col-50 elementor-top-column elementor-element elementor-element-d76090f\" data-id=\"d76090f\" data-element_type=\"column\" data-e-type=\"column\">\n\t\t\t<div class=\"elementor-widget-wrap elementor-element-populated\">\n\t\t\t\t\t\t<div class=\"elementor-element elementor-element-37bc400 elementor-widget__width-initial elementor-widget-mobile__width-initial elementor-widget elementor-widget-hotelft_elementor_heading\" data-id=\"37bc400\" data-element_type=\"widget\" data-e-type=\"widget\" data-widget_type=\"hotelft_elementor_heading.default\">\n\t\t\t\t<div class=\"elementor-widget-container\">\n\t\t\t\t\t\n\t\t \t<div class=\"ova-heading \">\n\t\t \t   <h1 class=\"title\">\t\t\t\t\t\t\t\t\t\t\tD\u00e9couvrez l&#039;H\u00f4tel Gr\u00e4cherhof, o\u00f9 l&#039;h\u00e9ritage suisse rencontre le luxe moderne\t\t\t\t\t\t\t\t\t<\/h1>\t\t    <\/div>\n\n\t\t\t\t\t\t<\/div>\n\t\t\t\t<\/div>\n\t\t\t\t\t<\/div>\n\t\t<\/div>\n\t\t\t\t<div class=\"elementor-column elementor-col-50 elementor-top-column elementor-element elementor-element-57e9ed0\" data-id=\"57e9ed0\" data-element_type=\"column\" data-e-type=\"column\">\n\t\t\t<div class=\"elementor-widget-wrap elementor-element-populated\">\n\t\t\t\t\t\t<div class=\"elementor-element elementor-element-3e00a2b elementor-widget__width-initial elementor-widget-mobile__width-initial elementor-widget elementor-widget-text-editor\" data-id=\"3e00a2b\" data-element_type=\"widget\" data-e-type=\"widget\" data-widget_type=\"text-editor.default\">\n\t\t\t\t<div class=\"elementor-widget-container\">\n\t\t\t\t\t\t\t\t\tFond\u00e9 en 1933 par l&rsquo;une des familles les plus anciennes de Gr\u00e4chen, l&rsquo;H\u00f4tel Gr\u00e4cherhof est l&rsquo;un des premiers et des meilleurs h\u00f4tels de Gr\u00e4chen. Situ\u00e9 au c\u0153ur du village de Gr\u00e4chen, l&rsquo;architecture de style m\u00e9di\u00e9val de notre h\u00f4tel et sa fa\u00e7ade en pierre et bois cr\u00e9ent une atmosph\u00e8re accueillante et intemporelle. Notre emplacement privil\u00e9gi\u00e9 vous offre un acc\u00e8s facile aux principales attractions des Alpes suisses, des stations de ski et sentiers de randonn\u00e9e aux restaurants locaux et commerces.\t\t\t\t\t\t\t\t<\/div>\n\t\t\t\t<\/div>\n\t\t\t\t\t<\/div>\n\t\t<\/div>\n\t\t\t\t\t<\/div>\n\t\t<\/section>\n\t\t\t\t<section class=\"elementor-section elementor-top-section elementor-element elementor-element-f08fe6a elementor-section-full_width elementor-section-height-default elementor-section-height-default elementor-invisible\" data-id=\"f08fe6a\" data-element_type=\"section\" data-e-type=\"section\" data-settings=\"{&quot;background_background&quot;:&quot;classic&quot;,&quot;animation&quot;:&quot;fadeIn&quot;}\">\n\t\t\t\t\t\t<div class=\"elementor-container elementor-column-gap-no\">\n\t\t\t\t\t<div class=\"elementor-column elementor-col-100 elementor-top-column elementor-element elementor-element-4814a75\" data-id=\"4814a75\" data-element_type=\"column\" data-e-type=\"column\">\n\t\t\t<div class=\"elementor-widget-wrap elementor-element-populated\">\n\t\t\t\t\t\t<div class=\"elementor-element elementor-element-1d7ecb4 elementor-widget elementor-widget-hotelft_elementor_simple_image_carousel\" data-id=\"1d7ecb4\" data-element_type=\"widget\" data-e-type=\"widget\" data-settings=\"{&quot;pause_on_hover&quot;:&quot;yes&quot;,&quot;infinite&quot;:&quot;yes&quot;,&quot;autoplay&quot;:&quot;yes&quot;,&quot;dot_control&quot;:&quot;yes&quot;}\" data-widget_type=\"hotelft_elementor_simple_image_carousel.default\">\n\t\t\t\t<div class=\"elementor-widget-container\">\n\t\t\t\t\t          \n           <div class=\"ova-simple-image-carousel\">\n\n\t\t\t\t<div class=\"simple-image-carousel owl-carousel owl-theme\" data-options=\"{&quot;items&quot;:1,&quot;slideBy&quot;:1,&quot;margin&quot;:30,&quot;stagePadding&quot;:380,&quot;autoplayHoverPause&quot;:true,&quot;loop&quot;:true,&quot;autoplay&quot;:true,&quot;autoWidth&quot;:false,&quot;autoplayTimeout&quot;:3000,&quot;smartSpeed&quot;:500,&quot;rtl&quot;:false,&quot;dots&quot;:true,&quot;nav&quot;:false,&quot;nav_left&quot;:&quot;flaticon flaticon-left&quot;,&quot;nav_right&quot;:&quot;flaticon flaticon-right-arrow&quot;}\">\n\t\t\t\t\t\n\t                        \n\t\t\t\t\t\t\t\t<div class=\"item\">\n\t\t\t\t\t\t\t\t\t<div class=\"simple-image-carousel-img\">\n\t\t\t\t\t\t\t\t\t\t<img decoding=\"async\" src=\"https:\/\/dev-v2.graecherhof.ch\/wp-content\/uploads\/2024\/11\/WhatsApp-Image-2024-11-07-at-9.14.44-PM-1.jpeg\" alt=\"Gr\u00e4chen village\">\n\t\t\t\t\t\t\t\t\t\t\t\t\t\t\t\t\t\t\t<\/div>\n\t\t\t\t\t\t\t\t<\/div>\n\t\t\t\t\t\t\t\t\n\t\t\t\t\t\t\t\n\t\t\t\t\t\n\t                        \n\t\t\t\t\t\t\t\t<div class=\"item\">\n\t\t\t\t\t\t\t\t\t<div class=\"simple-image-carousel-img\">\n\t\t\t\t\t\t\t\t\t\t<img decoding=\"async\" src=\"https:\/\/dev-v2.graecherhof.ch\/wp-content\/uploads\/2024\/11\/WhatsApp-Image-2024-11-07-at-9.17.07-PM-1.jpeg\" alt=\"Gr\u00e4chen village\">\n\t\t\t\t\t\t\t\t\t\t\t\t\t\t\t\t\t\t\t<\/div>\n\t\t\t\t\t\t\t\t<\/div>\n\t\t\t\t\t\t\t\t\n\t\t\t\t\t\t\t\n\t\t\t\t\t\n\t                        \n\t\t\t\t\t\t\t\t<div class=\"item\">\n\t\t\t\t\t\t\t\t\t<div class=\"simple-image-carousel-img\">\n\t\t\t\t\t\t\t\t\t\t<img decoding=\"async\" src=\"https:\/\/dev-v2.graecherhof.ch\/wp-content\/uploads\/2024\/11\/WhatsApp-Image-2024-11-07-at-9.18.46-PM-1.jpeg\" alt=\"Gr\u00e4chen village medieval architecture\">\n\t\t\t\t\t\t\t\t\t\t\t\t\t\t\t\t\t\t\t<\/div>\n\t\t\t\t\t\t\t\t<\/div>\n\t\t\t\t\t\t\t\t\n\t\t\t\t\t\t\t\n\t\t\t\t\t\n\t\t\t\t<\/div>\n\n\t\t\t<\/div>\n\t\t \t\n\t\t\t\t\t\t<\/div>\n\t\t\t\t<\/div>\n\t\t\t\t\t<\/div>\n\t\t<\/div>\n\t\t\t\t\t<\/div>\n\t\t<\/section>\n\t\t\t\t<section class=\"elementor-section elementor-top-section elementor-element elementor-element-d20e4cc elementor-section-boxed elementor-section-height-default elementor-section-height-default elementor-invisible\" data-id=\"d20e4cc\" data-element_type=\"section\" data-e-type=\"section\" data-settings=\"{&quot;background_background&quot;:&quot;classic&quot;,&quot;animation&quot;:&quot;fadeInUp&quot;}\">\n\t\t\t\t\t\t<div class=\"elementor-container elementor-column-gap-no\">\n\t\t\t\t\t<div class=\"elementor-column elementor-col-100 elementor-top-column elementor-element elementor-element-1c87117\" data-id=\"1c87117\" data-element_type=\"column\" data-e-type=\"column\" data-settings=\"{&quot;background_background&quot;:&quot;classic&quot;}\">\n\t\t\t<div class=\"elementor-widget-wrap elementor-element-populated\">\n\t\t\t\t\t\t<section class=\"elementor-section elementor-inner-section elementor-element elementor-element-639cd35 elementor-section-boxed elementor-section-height-default elementor-section-height-default\" data-id=\"639cd35\" data-element_type=\"section\" data-e-type=\"section\" data-settings=\"{&quot;background_background&quot;:&quot;classic&quot;}\">\n\t\t\t\t\t\t\t<div class=\"elementor-background-overlay\"><\/div>\n\t\t\t\t\t\t\t<div class=\"elementor-container elementor-column-gap-no\">\n\t\t\t\t\t<div class=\"elementor-column elementor-col-50 elementor-inner-column elementor-element elementor-element-927767d\" data-id=\"927767d\" data-element_type=\"column\" data-e-type=\"column\" data-settings=\"{&quot;background_background&quot;:&quot;classic&quot;}\">\n\t\t\t<div class=\"elementor-widget-wrap elementor-element-populated\">\n\t\t\t\t\t\t<div class=\"elementor-element elementor-element-fa1829a elementor-widget elementor-widget-image\" data-id=\"fa1829a\" data-element_type=\"widget\" data-e-type=\"widget\" data-widget_type=\"image.default\">\n\t\t\t\t<div class=\"elementor-widget-container\">\n\t\t\t\t\t\t\t\t\t\t\t\t\t\t\t<img fetchpriority=\"high\" decoding=\"async\" width=\"1600\" height=\"1157\" src=\"https:\/\/graecherhof.ch\/wp-content\/uploads\/2024\/11\/WhatsApp-Image-2024-11-07-at-9.11.10-PM-e1731006775854.jpeg\" class=\"attachment-full size-full wp-image-4913\" alt=\"Swiss luxury hotel rooms\" srcset=\"https:\/\/graecherhof.ch\/wp-content\/uploads\/2024\/11\/WhatsApp-Image-2024-11-07-at-9.11.10-PM-e1731006775854.jpeg 1600w, https:\/\/graecherhof.ch\/wp-content\/uploads\/2024\/11\/WhatsApp-Image-2024-11-07-at-9.11.10-PM-e1731006775854-300x217.jpeg 300w, https:\/\/graecherhof.ch\/wp-content\/uploads\/2024\/11\/WhatsApp-Image-2024-11-07-at-9.11.10-PM-e1731006775854-1024x740.jpeg 1024w, https:\/\/graecherhof.ch\/wp-content\/uploads\/2024\/11\/WhatsApp-Image-2024-11-07-at-9.11.10-PM-e1731006775854-768x555.jpeg 768w, https:\/\/graecherhof.ch\/wp-content\/uploads\/2024\/11\/WhatsApp-Image-2024-11-07-at-9.11.10-PM-e1731006775854-1536x1111.jpeg 1536w, https:\/\/graecherhof.ch\/wp-content\/uploads\/2024\/11\/WhatsApp-Image-2024-11-07-at-9.11.10-PM-e1731006775854-600x434.jpeg 600w\" sizes=\"(max-width: 1600px) 100vw, 1600px\" \/>\t\t\t\t\t\t\t\t\t\t\t\t\t\t\t<\/div>\n\t\t\t\t<\/div>\n\t\t\t\t\t<\/div>\n\t\t<\/div>\n\t\t\t\t<div class=\"elementor-column elementor-col-50 elementor-inner-column elementor-element elementor-element-3bd141b\" data-id=\"3bd141b\" data-element_type=\"column\" data-e-type=\"column\" data-settings=\"{&quot;background_background&quot;:&quot;classic&quot;}\">\n\t\t\t<div class=\"elementor-widget-wrap elementor-element-populated\">\n\t\t\t\t\t\t<div class=\"elementor-element elementor-element-8fa63b8 elementor-widget__width-initial elementor-widget-mobile__width-initial elementor-widget elementor-widget-text-editor\" data-id=\"8fa63b8\" data-element_type=\"widget\" data-e-type=\"widget\" data-widget_type=\"text-editor.default\">\n\t\t\t\t<div class=\"elementor-widget-container\">\n\t\t\t\t\t\t\t\t\t<p>Luxe moderne avec \u00e9l\u00e9gance historique<\/p>\t\t\t\t\t\t\t\t<\/div>\n\t\t\t\t<\/div>\n\t\t\t\t<div class=\"elementor-element elementor-element-286aa73 elementor-widget__width-initial elementor-widget-mobile__width-initial elementor-widget elementor-widget-text-editor\" data-id=\"286aa73\" data-element_type=\"widget\" data-e-type=\"widget\" data-widget_type=\"text-editor.default\">\n\t\t\t\t<div class=\"elementor-widget-container\">\n\t\t\t\t\t\t\t\t\t<p>L&rsquo;H\u00f4tel Gr\u00e4cherhof est con\u00e7u pour offrir un m\u00e9lange de charme traditionnel et de confort moderne. De notre tour magnifiquement restaur\u00e9e inspir\u00e9e du m\u00e9di\u00e9val \u00e0 nos chambres \u00e9l\u00e9gamment r\u00e9nov\u00e9es, chaque d\u00e9tail a \u00e9t\u00e9 soigneusement pens\u00e9 pour offrir un s\u00e9jour inoubliable \u00e0 Gr\u00e4chen. Que vous soyez en visite pour une escapade romantique, des vacances en famille ou une retraite relaxante, notre h\u00f4tel offre intimit\u00e9 et exclusivit\u00e9 en plein c\u0153ur du village.<\/p>\t\t\t\t\t\t\t\t<\/div>\n\t\t\t\t<\/div>\n\t\t\t\t\t<\/div>\n\t\t<\/div>\n\t\t\t\t\t<\/div>\n\t\t<\/section>\n\t\t\t\t\t<\/div>\n\t\t<\/div>\n\t\t\t\t\t<\/div>\n\t\t<\/section>\n\t\t\t\t<section class=\"elementor-section elementor-top-section elementor-element elementor-element-eb2b569 elementor-section-boxed elementor-section-height-default elementor-section-height-default elementor-invisible\" data-id=\"eb2b569\" data-element_type=\"section\" data-e-type=\"section\" data-settings=\"{&quot;background_background&quot;:&quot;classic&quot;,&quot;animation&quot;:&quot;fadeIn&quot;}\">\n\t\t\t\t\t\t<div class=\"elementor-container elementor-column-gap-default\">\n\t\t\t\t\t<div class=\"elementor-column elementor-col-100 elementor-top-column elementor-element elementor-element-04089bc\" data-id=\"04089bc\" data-element_type=\"column\" data-e-type=\"column\">\n\t\t\t<div class=\"elementor-widget-wrap elementor-element-populated\">\n\t\t\t\t\t\t<section class=\"elementor-section elementor-inner-section elementor-element elementor-element-7801f92 elementor-section-boxed elementor-section-height-default elementor-section-height-default\" data-id=\"7801f92\" data-element_type=\"section\" data-e-type=\"section\">\n\t\t\t\t\t\t<div class=\"elementor-container elementor-column-gap-default\">\n\t\t\t\t\t<div class=\"elementor-column elementor-col-100 elementor-inner-column elementor-element elementor-element-948cd1d\" data-id=\"948cd1d\" data-element_type=\"column\" data-e-type=\"column\">\n\t\t\t<div class=\"elementor-widget-wrap elementor-element-populated\">\n\t\t\t\t\t\t<div class=\"elementor-element elementor-element-452ead5 elementor-widget__width-initial elementor-widget-mobile__width-initial elementor-widget elementor-widget-hotelft_elementor_heading\" data-id=\"452ead5\" data-element_type=\"widget\" data-e-type=\"widget\" data-widget_type=\"hotelft_elementor_heading.default\">\n\t\t\t\t<div class=\"elementor-widget-container\">\n\t\t\t\t\t\n\t\t \t<div class=\"ova-heading \">\n\t\t \t   <h2 class=\"title\">\t\t\t\t\t\t\t\t\t\t\tExplorez le charme intemporel et le confort exceptionnel dans l&#039;h\u00f4tel de premier plan de Gr\u00e4chen\t\t\t\t\t\t\t\t\t<\/h2>\t\t    <\/div>\n\n\t\t\t\t\t\t<\/div>\n\t\t\t\t<\/div>\n\t\t\t\t\t<\/div>\n\t\t<\/div>\n\t\t\t\t\t<\/div>\n\t\t<\/section>\n\t\t\t\t<div class=\"elementor-element elementor-element-1b98ad8 elementor-tabs-alignment-stretch elementor-tabs-view-horizontal elementor-widget elementor-widget-tabs\" data-id=\"1b98ad8\" data-element_type=\"widget\" data-e-type=\"widget\" data-widget_type=\"tabs.default\">\n\t\t\t\t<div class=\"elementor-widget-container\">\n\t\t\t\t\t        <div class=\"elementor-tabs\">\n            <div class=\"elementor-tabs-wrapper\" role=\"tablist\" >\n                                    <div id=\"elementor-tab-title-2891\" class=\"elementor-tab-title elementor-tab-desktop-title elementor-repeater-item-fb4e6f9\" aria-selected=\"true\" data-tab=\"1\" role=\"tab\" tabindex=\"0\" aria-controls=\"elementor-tab-content-2891\" aria-expanded=\"false\">                                <span class=\"ova-tab-image\">\n                                    <img decoding=\"async\" src=\"https:\/\/dev-v2.graecherhof.ch\/wp-content\/uploads\/2024\/11\/snowcapped-mountains-1.svg\" alt=\"\">\n                                <\/span>\n                            <div class=\"right\"><a href=\"\"> Lieu id\u00e9al <br>\u00e0 Gr\u00e4chen<\/a><span class=\"elementor-tab-subtitle\"><\/span><\/div><\/div>\n                                    <div id=\"elementor-tab-title-2892\" class=\"elementor-tab-title elementor-tab-desktop-title elementor-repeater-item-0a21176\" aria-selected=\"false\" data-tab=\"2\" role=\"tab\" tabindex=\"-1\" aria-controls=\"elementor-tab-content-2892\" aria-expanded=\"false\">                                <span class=\"ova-tab-image\">\n                                    <img decoding=\"async\" src=\"https:\/\/dev-v2.graecherhof.ch\/wp-content\/uploads\/2024\/11\/bed.3-1.svg\" alt=\"\">\n                                <\/span>\n                            <div class=\"right\"><a href=\"\">Charme suisse <br> et confort moderne<\/a><span class=\"elementor-tab-subtitle\"><\/span><\/div><\/div>\n                                    <div id=\"elementor-tab-title-2893\" class=\"elementor-tab-title elementor-tab-desktop-title elementor-repeater-item-9b36fe8\" aria-selected=\"false\" data-tab=\"3\" role=\"tab\" tabindex=\"-1\" aria-controls=\"elementor-tab-content-2893\" aria-expanded=\"false\">                                <span class=\"ova-tab-image\">\n                                    <img decoding=\"async\" src=\"https:\/\/dev-v2.graecherhof.ch\/wp-content\/uploads\/2024\/11\/thin-1495-spa-lotus-lily-wellness-1.svg\" alt=\"\">\n                                <\/span>\n                            <div class=\"right\"><a href=\"\">SPA et bien-\u00eatre  <br>sur place<\/a><span class=\"elementor-tab-subtitle\"><\/span><\/div><\/div>\n                                    <div id=\"elementor-tab-title-2894\" class=\"elementor-tab-title elementor-tab-desktop-title elementor-repeater-item-babb559\" aria-selected=\"false\" data-tab=\"4\" role=\"tab\" tabindex=\"-1\" aria-controls=\"elementor-tab-content-2894\" aria-expanded=\"false\">                                <span class=\"ova-tab-image\">\n                                    <img decoding=\"async\" src=\"https:\/\/dev-v2.graecherhof.ch\/wp-content\/uploads\/2024\/11\/salver-1.svg\" alt=\"\">\n                                <\/span>\n                            <div class=\"right\"><a href=\"\">Cuisine  <br>exceptionnelle<\/a><span class=\"elementor-tab-subtitle\"><\/span><\/div><\/div>\n                            <\/div>\n            <div class=\"elementor-tabs-content-wrapper\" role=\"tablist\" aria-orientation=\"vertical\">\n                                    <div class=\"elementor-tab-title elementor-tab-mobile-title elementor-repeater-item-fb4e6f9\" aria-selected=\"true\" data-tab=\"1\" role=\"tab\" tabindex=\"0\" aria-controls=\"elementor-tab-content-2891\" aria-expanded=\"false\">                                <span class=\"ova-tab-image\">\n                                    <img decoding=\"async\" src=\"https:\/\/dev-v2.graecherhof.ch\/wp-content\/uploads\/2024\/11\/snowcapped-mountains-1.svg\" alt=\"\">\n                                <\/span>\n                                                        <div class=\"right\">\n                                 Lieu id\u00e9al <br>\u00e0 Gr\u00e4chen<span class=\"elementor-tab-subtitle\"><\/span>                            <\/div>\n\n                            <\/div>\n                    <div id=\"elementor-tab-content-2891\" class=\"elementor-tab-content elementor-clearfix\" data-tab=\"1\" role=\"tabpanel\" aria-labelledby=\"elementor-tab-title-2891\" tabindex=\"0\" hidden=\"false\"><p>\t\t<div data-elementor-type=\"section\" data-elementor-id=\"770\" class=\"elementor elementor-770\" data-elementor-post-type=\"elementor_library\">\n\t\t\t\t\t<section class=\"elementor-section elementor-top-section elementor-element elementor-element-68acd08 elementor-section-full_width elementor-section-height-default elementor-section-height-default\" data-id=\"68acd08\" data-element_type=\"section\" data-e-type=\"section\">\n\t\t\t\t\t\t<div class=\"elementor-container elementor-column-gap-no\">\n\t\t\t\t\t<div class=\"elementor-column elementor-col-100 elementor-top-column elementor-element elementor-element-03451db\" data-id=\"03451db\" data-element_type=\"column\" data-e-type=\"column\">\n\t\t\t<div class=\"elementor-widget-wrap elementor-element-populated\">\n\t\t\t\t\t\t<div class=\"elementor-element elementor-element-df25ff6 elementor-widget elementor-widget-hotelft_elementor_gallery_basic\" data-id=\"df25ff6\" data-element_type=\"widget\" data-e-type=\"widget\" data-widget_type=\"hotelft_elementor_gallery_basic.default\">\n\t\t\t\t<div class=\"elementor-widget-container\">\n\t\t\t\t\t\n\t\t\t        <div class=\"ova-gallery\">\n\t        \t<div class=\"grid\">\n\t        \t\t\n\t  \t\t\t\t\t  \t\t\t\t\t<div class=\"grid-item elementor-repeater-item-0b909ba\">\n\t  \t\t\t\t\t\t<a class=\"gallery-fancybox\" data-src=\"https:\/\/dev-v2.graecherhof.ch\/wp-content\/uploads\/2022\/01\/Rectangle-1.png\" \n\t  \t\t\t\t\t\t\tdata-fancybox=\"gallery_region\" \n\t  \t\t\t\t\t\t\tdata-caption=\"Hiking in Gr\u00e4chen Alps\">\n\n\t  \t\t\t\t\t\t\t<img decoding=\"async\" src=\"https:\/\/dev-v2.graecherhof.ch\/wp-content\/uploads\/2022\/01\/Rectangle-1.png\" alt=\"Hiking in Gr\u00e4chen Alps\">\n\t  \t\t\t\t\t\t\t<div class=\"gallery-container\">\n\t\t  \t\t\t\t\t\t\t\t\t  \t\t\t\t\t\t\t\t<div class=\"gallery-icon\">\n\t\t\t  \t\t\t\t\t\t\t\t<i class=\"ovaicon ovaicon-plus\"><\/i>\n\t\t\t  \t\t\t\t\t\t\t<\/div>\n\t\t  \t\t\t\t\t\t\t\t\t  \t\t\t\t\t\t<\/div>\n\t  \t\t\t\t\t\t<\/a>\n\t  \t\t\t\t\t<\/div>\n\t  \t\t\t\t\t  \t\t\t\t\t<div class=\"grid-item elementor-repeater-item-8cf83eb\">\n\t  \t\t\t\t\t\t<a class=\"gallery-fancybox\" data-src=\"https:\/\/dev-v2.graecherhof.ch\/wp-content\/uploads\/2022\/01\/Rectangle-2-1.png\" \n\t  \t\t\t\t\t\t\tdata-fancybox=\"gallery_region\" \n\t  \t\t\t\t\t\t\tdata-caption=\"Family skiing in Gr\u00e4chen\">\n\n\t  \t\t\t\t\t\t\t<img decoding=\"async\" src=\"https:\/\/dev-v2.graecherhof.ch\/wp-content\/uploads\/2022\/01\/Rectangle-2-1.png\" alt=\"Family skiing in Gr\u00e4chen\">\n\t  \t\t\t\t\t\t\t<div class=\"gallery-container\">\n\t\t  \t\t\t\t\t\t\t\t\t  \t\t\t\t\t\t\t\t<div class=\"gallery-icon\">\n\t\t\t  \t\t\t\t\t\t\t\t<i class=\"ovaicon ovaicon-plus\"><\/i>\n\t\t\t  \t\t\t\t\t\t\t<\/div>\n\t\t  \t\t\t\t\t\t\t\t\t  \t\t\t\t\t\t<\/div>\n\t  \t\t\t\t\t\t<\/a>\n\t  \t\t\t\t\t<\/div>\n\t  \t\t\t\t\t  \t\t\t\t\t<div class=\"grid-item elementor-repeater-item-dcc15df\">\n\t  \t\t\t\t\t\t<a class=\"gallery-fancybox\" data-src=\"https:\/\/dev-v2.graecherhof.ch\/wp-content\/uploads\/2022\/01\/Rectangle-3-1.png\" \n\t  \t\t\t\t\t\t\tdata-fancybox=\"gallery_region\" \n\t  \t\t\t\t\t\t\tdata-caption=\"Hiking in Gr\u00e4chen Alps\">\n\n\t  \t\t\t\t\t\t\t<img decoding=\"async\" src=\"https:\/\/dev-v2.graecherhof.ch\/wp-content\/uploads\/2022\/01\/Rectangle-3-1.png\" alt=\"Hiking in Gr\u00e4chen Alps\">\n\t  \t\t\t\t\t\t\t<div class=\"gallery-container\">\n\t\t  \t\t\t\t\t\t\t\t\t  \t\t\t\t\t\t\t\t<div class=\"gallery-icon\">\n\t\t\t  \t\t\t\t\t\t\t\t<i class=\"ovaicon ovaicon-plus\"><\/i>\n\t\t\t  \t\t\t\t\t\t\t<\/div>\n\t\t  \t\t\t\t\t\t\t\t\t  \t\t\t\t\t\t<\/div>\n\t  \t\t\t\t\t\t<\/a>\n\t  \t\t\t\t\t<\/div>\n\t  \t\t\t\t\t        \t<\/div>\n\n\t\t\t<\/div>\n\t\t\t\t\t\t<\/div>\n\t\t\t\t<\/div>\n\t\t\t\t\t<\/div>\n\t\t<\/div>\n\t\t\t\t\t<\/div>\n\t\t<\/section>\n\t\t\t\t<\/div>\n\t\t<\/p><\/div>\n                                    <div class=\"elementor-tab-title elementor-tab-mobile-title elementor-repeater-item-0a21176\" aria-selected=\"false\" data-tab=\"2\" role=\"tab\" tabindex=\"-1\" aria-controls=\"elementor-tab-content-2892\" aria-expanded=\"false\">                                <span class=\"ova-tab-image\">\n                                    <img decoding=\"async\" src=\"https:\/\/dev-v2.graecherhof.ch\/wp-content\/uploads\/2024\/11\/bed.3-1.svg\" alt=\"\">\n                                <\/span>\n                                                        <div class=\"right\">\n                                Charme suisse <br> et confort moderne<span class=\"elementor-tab-subtitle\"><\/span>                            <\/div>\n\n                            <\/div>\n                    <div id=\"elementor-tab-content-2892\" class=\"elementor-tab-content elementor-clearfix\" data-tab=\"2\" role=\"tabpanel\" aria-labelledby=\"elementor-tab-title-2892\" tabindex=\"0\" hidden=\"hidden\"><p>\t\t<div data-elementor-type=\"section\" data-elementor-id=\"723\" class=\"elementor elementor-723\" data-elementor-post-type=\"elementor_library\">\n\t\t\t\t\t<section class=\"elementor-section elementor-top-section elementor-element elementor-element-969ec65 elementor-section-full_width elementor-section-height-default elementor-section-height-default\" data-id=\"969ec65\" data-element_type=\"section\" data-e-type=\"section\">\n\t\t\t\t\t\t<div class=\"elementor-container elementor-column-gap-no\">\n\t\t\t\t\t<div class=\"elementor-column elementor-col-100 elementor-top-column elementor-element elementor-element-36bccda\" data-id=\"36bccda\" data-element_type=\"column\" data-e-type=\"column\">\n\t\t\t<div class=\"elementor-widget-wrap elementor-element-populated\">\n\t\t\t\t\t\t<div class=\"elementor-element elementor-element-9ae27a7 elementor-widget elementor-widget-hotelft_elementor_gallery_basic\" data-id=\"9ae27a7\" data-element_type=\"widget\" data-e-type=\"widget\" data-widget_type=\"hotelft_elementor_gallery_basic.default\">\n\t\t\t\t<div class=\"elementor-widget-container\">\n\t\t\t\t\t\n\t\t\t        <div class=\"ova-gallery\">\n\t        \t<div class=\"grid\">\n\t        \t\t\n\t  \t\t\t\t\t  \t\t\t\t\t<div class=\"grid-item elementor-repeater-item-0b909ba\">\n\t  \t\t\t\t\t\t<a class=\"gallery-fancybox\" data-src=\"https:\/\/dev-v2.graecherhof.ch\/wp-content\/uploads\/2022\/01\/Rectangle-4.png\" \n\t  \t\t\t\t\t\t\tdata-fancybox=\"gallery_region\" \n\t  \t\t\t\t\t\t\tdata-caption=\"Rooms in Gr\u00e4chen\">\n\n\t  \t\t\t\t\t\t\t<img decoding=\"async\" src=\"https:\/\/dev-v2.graecherhof.ch\/wp-content\/uploads\/2022\/01\/Rectangle-4.png\" alt=\"Rooms in Gr\u00e4chen\">\n\t  \t\t\t\t\t\t\t<div class=\"gallery-container\">\n\t\t  \t\t\t\t\t\t\t\t\t  \t\t\t\t\t\t\t\t<div class=\"gallery-icon\">\n\t\t\t  \t\t\t\t\t\t\t\t<i class=\"ovaicon ovaicon-plus\"><\/i>\n\t\t\t  \t\t\t\t\t\t\t<\/div>\n\t\t  \t\t\t\t\t\t\t\t\t  \t\t\t\t\t\t<\/div>\n\t  \t\t\t\t\t\t<\/a>\n\t  \t\t\t\t\t<\/div>\n\t  \t\t\t\t\t  \t\t\t\t\t<div class=\"grid-item elementor-repeater-item-8cf83eb\">\n\t  \t\t\t\t\t\t<a class=\"gallery-fancybox\" data-src=\"https:\/\/dev-v2.graecherhof.ch\/wp-content\/uploads\/2022\/01\/Rectangle-6.png\" \n\t  \t\t\t\t\t\t\tdata-fancybox=\"gallery_region\" \n\t  \t\t\t\t\t\t\tdata-caption=\"Rooms in Gr\u00e4chen\">\n\n\t  \t\t\t\t\t\t\t<img decoding=\"async\" src=\"https:\/\/dev-v2.graecherhof.ch\/wp-content\/uploads\/2022\/01\/Rectangle-6.png\" alt=\"Rooms in Gr\u00e4chen\">\n\t  \t\t\t\t\t\t\t<div class=\"gallery-container\">\n\t\t  \t\t\t\t\t\t\t\t\t  \t\t\t\t\t\t\t\t<div class=\"gallery-icon\">\n\t\t\t  \t\t\t\t\t\t\t\t<i class=\"ovaicon ovaicon-plus\"><\/i>\n\t\t\t  \t\t\t\t\t\t\t<\/div>\n\t\t  \t\t\t\t\t\t\t\t\t  \t\t\t\t\t\t<\/div>\n\t  \t\t\t\t\t\t<\/a>\n\t  \t\t\t\t\t<\/div>\n\t  \t\t\t\t\t  \t\t\t\t\t<div class=\"grid-item elementor-repeater-item-dcc15df\">\n\t  \t\t\t\t\t\t<a class=\"gallery-fancybox\" data-src=\"https:\/\/dev-v2.graecherhof.ch\/wp-content\/uploads\/2022\/01\/Rectangle-5.png\" \n\t  \t\t\t\t\t\t\tdata-fancybox=\"gallery_region\" \n\t  \t\t\t\t\t\t\tdata-caption=\"Rooms in Gr\u00e4chen\">\n\n\t  \t\t\t\t\t\t\t<img decoding=\"async\" src=\"https:\/\/dev-v2.graecherhof.ch\/wp-content\/uploads\/2022\/01\/Rectangle-5.png\" alt=\"Rooms in Gr\u00e4chen\">\n\t  \t\t\t\t\t\t\t<div class=\"gallery-container\">\n\t\t  \t\t\t\t\t\t\t\t\t  \t\t\t\t\t\t\t\t<div class=\"gallery-icon\">\n\t\t\t  \t\t\t\t\t\t\t\t<i class=\"ovaicon ovaicon-plus\"><\/i>\n\t\t\t  \t\t\t\t\t\t\t<\/div>\n\t\t  \t\t\t\t\t\t\t\t\t  \t\t\t\t\t\t<\/div>\n\t  \t\t\t\t\t\t<\/a>\n\t  \t\t\t\t\t<\/div>\n\t  \t\t\t\t\t        \t<\/div>\n\n\t\t\t<\/div>\n\t\t\t\t\t\t<\/div>\n\t\t\t\t<\/div>\n\t\t\t\t\t<\/div>\n\t\t<\/div>\n\t\t\t\t\t<\/div>\n\t\t<\/section>\n\t\t\t\t<\/div>\n\t\t<\/p><\/div>\n                                    <div class=\"elementor-tab-title elementor-tab-mobile-title elementor-repeater-item-9b36fe8\" aria-selected=\"false\" data-tab=\"3\" role=\"tab\" tabindex=\"-1\" aria-controls=\"elementor-tab-content-2893\" aria-expanded=\"false\">                                <span class=\"ova-tab-image\">\n                                    <img decoding=\"async\" src=\"https:\/\/dev-v2.graecherhof.ch\/wp-content\/uploads\/2024\/11\/thin-1495-spa-lotus-lily-wellness-1.svg\" alt=\"\">\n                                <\/span>\n                                                        <div class=\"right\">\n                                SPA et bien-\u00eatre  <br>sur place<span class=\"elementor-tab-subtitle\"><\/span>                            <\/div>\n\n                            <\/div>\n                    <div id=\"elementor-tab-content-2893\" class=\"elementor-tab-content elementor-clearfix\" data-tab=\"3\" role=\"tabpanel\" aria-labelledby=\"elementor-tab-title-2893\" tabindex=\"0\" hidden=\"hidden\"><p>\t\t<div data-elementor-type=\"section\" data-elementor-id=\"730\" class=\"elementor elementor-730\" data-elementor-post-type=\"elementor_library\">\n\t\t\t\t\t<section class=\"elementor-section elementor-top-section elementor-element elementor-element-77015be elementor-section-full_width elementor-section-height-default elementor-section-height-default\" data-id=\"77015be\" data-element_type=\"section\" data-e-type=\"section\">\n\t\t\t\t\t\t<div class=\"elementor-container elementor-column-gap-no\">\n\t\t\t\t\t<div class=\"elementor-column elementor-col-100 elementor-top-column elementor-element elementor-element-512b569\" data-id=\"512b569\" data-element_type=\"column\" data-e-type=\"column\">\n\t\t\t<div class=\"elementor-widget-wrap elementor-element-populated\">\n\t\t\t\t\t\t<div class=\"elementor-element elementor-element-b5a05b2 elementor-widget elementor-widget-hotelft_elementor_gallery_basic\" data-id=\"b5a05b2\" data-element_type=\"widget\" data-e-type=\"widget\" data-widget_type=\"hotelft_elementor_gallery_basic.default\">\n\t\t\t\t<div class=\"elementor-widget-container\">\n\t\t\t\t\t\n\t\t\t        <div class=\"ova-gallery\">\n\t        \t<div class=\"grid\">\n\t        \t\t\n\t  \t\t\t\t\t  \t\t\t\t\t<div class=\"grid-item elementor-repeater-item-0b909ba\">\n\t  \t\t\t\t\t\t<a class=\"gallery-fancybox\" data-src=\"https:\/\/dev-v2.graecherhof.ch\/wp-content\/uploads\/2022\/01\/Rectangle-7.png\" \n\t  \t\t\t\t\t\t\tdata-fancybox=\"gallery_region\" \n\t  \t\t\t\t\t\t\tdata-caption=\"Luxurious spa at Hotel Gr\u00e4cherhof, offering ultimate relaxation in Gr\u00e4chen, Switzerland\">\n\n\t  \t\t\t\t\t\t\t<img decoding=\"async\" src=\"https:\/\/dev-v2.graecherhof.ch\/wp-content\/uploads\/2022\/01\/Rectangle-7.png\" alt=\"Luxurious spa at Hotel Gr\u00e4cherhof, offering ultimate relaxation in Gr\u00e4chen, Switzerland\">\n\t  \t\t\t\t\t\t\t<div class=\"gallery-container\">\n\t\t  \t\t\t\t\t\t\t\t\t  \t\t\t\t\t\t\t\t<div class=\"gallery-icon\">\n\t\t\t  \t\t\t\t\t\t\t\t<i class=\"ovaicon ovaicon-plus\"><\/i>\n\t\t\t  \t\t\t\t\t\t\t<\/div>\n\t\t  \t\t\t\t\t\t\t\t\t  \t\t\t\t\t\t<\/div>\n\t  \t\t\t\t\t\t<\/a>\n\t  \t\t\t\t\t<\/div>\n\t  \t\t\t\t\t  \t\t\t\t\t<div class=\"grid-item elementor-repeater-item-8cf83eb\">\n\t  \t\t\t\t\t\t<a class=\"gallery-fancybox\" data-src=\"https:\/\/dev-v2.graecherhof.ch\/wp-content\/uploads\/2022\/01\/Rectangle-9.png\" \n\t  \t\t\t\t\t\t\tdata-fancybox=\"gallery_region\" \n\t  \t\t\t\t\t\t\tdata-caption=\"Alpine spa retreat featuring sauna, steam rooms, and relaxing treatments in Gr\u00e4chen\">\n\n\t  \t\t\t\t\t\t\t<img decoding=\"async\" src=\"https:\/\/dev-v2.graecherhof.ch\/wp-content\/uploads\/2022\/01\/Rectangle-9.png\" alt=\"Alpine spa retreat featuring sauna, steam rooms, and relaxing treatments in Gr\u00e4chen\">\n\t  \t\t\t\t\t\t\t<div class=\"gallery-container\">\n\t\t  \t\t\t\t\t\t\t\t\t  \t\t\t\t\t\t\t\t<div class=\"gallery-icon\">\n\t\t\t  \t\t\t\t\t\t\t\t<i class=\"ovaicon ovaicon-plus\"><\/i>\n\t\t\t  \t\t\t\t\t\t\t<\/div>\n\t\t  \t\t\t\t\t\t\t\t\t  \t\t\t\t\t\t<\/div>\n\t  \t\t\t\t\t\t<\/a>\n\t  \t\t\t\t\t<\/div>\n\t  \t\t\t\t\t  \t\t\t\t\t<div class=\"grid-item elementor-repeater-item-dcc15df\">\n\t  \t\t\t\t\t\t<a class=\"gallery-fancybox\" data-src=\"https:\/\/dev-v2.graecherhof.ch\/wp-content\/uploads\/2022\/01\/Rectangle-8.png\" \n\t  \t\t\t\t\t\t\tdata-fancybox=\"gallery_region\" \n\t  \t\t\t\t\t\t\tdata-caption=\"Alpine spa retreat featuring sauna, steam rooms, and relaxing treatments in Gr\u00e4chen\">\n\n\t  \t\t\t\t\t\t\t<img decoding=\"async\" src=\"https:\/\/dev-v2.graecherhof.ch\/wp-content\/uploads\/2022\/01\/Rectangle-8.png\" alt=\"Alpine spa retreat featuring sauna, steam rooms, and relaxing treatments in Gr\u00e4chen\">\n\t  \t\t\t\t\t\t\t<div class=\"gallery-container\">\n\t\t  \t\t\t\t\t\t\t\t\t  \t\t\t\t\t\t\t\t<div class=\"gallery-icon\">\n\t\t\t  \t\t\t\t\t\t\t\t<i class=\"ovaicon ovaicon-plus\"><\/i>\n\t\t\t  \t\t\t\t\t\t\t<\/div>\n\t\t  \t\t\t\t\t\t\t\t\t  \t\t\t\t\t\t<\/div>\n\t  \t\t\t\t\t\t<\/a>\n\t  \t\t\t\t\t<\/div>\n\t  \t\t\t\t\t        \t<\/div>\n\n\t\t\t<\/div>\n\t\t\t\t\t\t<\/div>\n\t\t\t\t<\/div>\n\t\t\t\t\t<\/div>\n\t\t<\/div>\n\t\t\t\t\t<\/div>\n\t\t<\/section>\n\t\t\t\t<\/div>\n\t\t<\/p><\/div>\n                                    <div class=\"elementor-tab-title elementor-tab-mobile-title elementor-repeater-item-babb559\" aria-selected=\"false\" data-tab=\"4\" role=\"tab\" tabindex=\"-1\" aria-controls=\"elementor-tab-content-2894\" aria-expanded=\"false\">                                <span class=\"ova-tab-image\">\n                                    <img decoding=\"async\" src=\"https:\/\/dev-v2.graecherhof.ch\/wp-content\/uploads\/2024\/11\/salver-1.svg\" alt=\"\">\n                                <\/span>\n                                                        <div class=\"right\">\n                                Cuisine  <br>exceptionnelle<span class=\"elementor-tab-subtitle\"><\/span>                            <\/div>\n\n                            <\/div>\n                    <div id=\"elementor-tab-content-2894\" class=\"elementor-tab-content elementor-clearfix\" data-tab=\"4\" role=\"tabpanel\" aria-labelledby=\"elementor-tab-title-2894\" tabindex=\"0\" hidden=\"hidden\"><p>\t\t<div data-elementor-type=\"section\" data-elementor-id=\"776\" class=\"elementor elementor-776\" data-elementor-post-type=\"elementor_library\">\n\t\t\t\t\t<section class=\"elementor-section elementor-top-section elementor-element elementor-element-c094296 elementor-section-full_width elementor-section-height-default elementor-section-height-default\" data-id=\"c094296\" data-element_type=\"section\" data-e-type=\"section\">\n\t\t\t\t\t\t<div class=\"elementor-container elementor-column-gap-no\">\n\t\t\t\t\t<div class=\"elementor-column elementor-col-100 elementor-top-column elementor-element elementor-element-000e95c\" data-id=\"000e95c\" data-element_type=\"column\" data-e-type=\"column\">\n\t\t\t<div class=\"elementor-widget-wrap elementor-element-populated\">\n\t\t\t\t\t\t<div class=\"elementor-element elementor-element-cb65621 elementor-widget elementor-widget-hotelft_elementor_gallery_basic\" data-id=\"cb65621\" data-element_type=\"widget\" data-e-type=\"widget\" data-widget_type=\"hotelft_elementor_gallery_basic.default\">\n\t\t\t\t<div class=\"elementor-widget-container\">\n\t\t\t\t\t\n\t\t\t        <div class=\"ova-gallery\">\n\t        \t<div class=\"grid\">\n\t        \t\t\n\t  \t\t\t\t\t  \t\t\t\t\t<div class=\"grid-item elementor-repeater-item-0b909ba\">\n\t  \t\t\t\t\t\t<a class=\"gallery-fancybox\" data-src=\"https:\/\/dev-v2.graecherhof.ch\/wp-content\/uploads\/2022\/01\/Rectangle-10.png\" \n\t  \t\t\t\t\t\t\tdata-fancybox=\"gallery_region\" \n\t  \t\t\t\t\t\t\tdata-caption=\"Dine at La Torre Restaurant in Gr\u00e4chen, offering authentic Italian and Swiss cuisine\">\n\n\t  \t\t\t\t\t\t\t<img decoding=\"async\" src=\"https:\/\/dev-v2.graecherhof.ch\/wp-content\/uploads\/2022\/01\/Rectangle-10.png\" alt=\"Dine at La Torre Restaurant in Gr\u00e4chen, offering authentic Italian and Swiss cuisine\">\n\t  \t\t\t\t\t\t\t<div class=\"gallery-container\">\n\t\t  \t\t\t\t\t\t\t\t\t  \t\t\t\t\t\t\t\t<div class=\"gallery-icon\">\n\t\t\t  \t\t\t\t\t\t\t\t<i class=\"ovaicon ovaicon-plus\"><\/i>\n\t\t\t  \t\t\t\t\t\t\t<\/div>\n\t\t  \t\t\t\t\t\t\t\t\t  \t\t\t\t\t\t<\/div>\n\t  \t\t\t\t\t\t<\/a>\n\t  \t\t\t\t\t<\/div>\n\t  \t\t\t\t\t  \t\t\t\t\t<div class=\"grid-item elementor-repeater-item-8cf83eb\">\n\t  \t\t\t\t\t\t<a class=\"gallery-fancybox\" data-src=\"https:\/\/dev-v2.graecherhof.ch\/wp-content\/uploads\/2022\/01\/Rectangle-11.png\" \n\t  \t\t\t\t\t\t\tdata-fancybox=\"gallery_region\" \n\t  \t\t\t\t\t\t\tdata-caption=\"Dine at La Torre Restaurant in Gr\u00e4chen, offering authentic Italian and Swiss cuisine\">\n\n\t  \t\t\t\t\t\t\t<img decoding=\"async\" src=\"https:\/\/dev-v2.graecherhof.ch\/wp-content\/uploads\/2022\/01\/Rectangle-11.png\" alt=\"Dine at La Torre Restaurant in Gr\u00e4chen, offering authentic Italian and Swiss cuisine\">\n\t  \t\t\t\t\t\t\t<div class=\"gallery-container\">\n\t\t  \t\t\t\t\t\t\t\t\t  \t\t\t\t\t\t\t\t<div class=\"gallery-icon\">\n\t\t\t  \t\t\t\t\t\t\t\t<i class=\"ovaicon ovaicon-plus\"><\/i>\n\t\t\t  \t\t\t\t\t\t\t<\/div>\n\t\t  \t\t\t\t\t\t\t\t\t  \t\t\t\t\t\t<\/div>\n\t  \t\t\t\t\t\t<\/a>\n\t  \t\t\t\t\t<\/div>\n\t  \t\t\t\t\t  \t\t\t\t\t<div class=\"grid-item elementor-repeater-item-dcc15df\">\n\t  \t\t\t\t\t\t<a class=\"gallery-fancybox\" data-src=\"https:\/\/dev-v2.graecherhof.ch\/wp-content\/uploads\/2022\/01\/Rectangle-12.png\" \n\t  \t\t\t\t\t\t\tdata-fancybox=\"gallery_region\" \n\t  \t\t\t\t\t\t\tdata-caption=\"Dine at La Torre Restaurant in Gr\u00e4chen, offering authentic Italian and Swiss cuisine\">\n\n\t  \t\t\t\t\t\t\t<img decoding=\"async\" src=\"https:\/\/dev-v2.graecherhof.ch\/wp-content\/uploads\/2022\/01\/Rectangle-12.png\" alt=\"Dine at La Torre Restaurant in Gr\u00e4chen, offering authentic Italian and Swiss cuisine\">\n\t  \t\t\t\t\t\t\t<div class=\"gallery-container\">\n\t\t  \t\t\t\t\t\t\t\t\t  \t\t\t\t\t\t\t\t<div class=\"gallery-icon\">\n\t\t\t  \t\t\t\t\t\t\t\t<i class=\"ovaicon ovaicon-plus\"><\/i>\n\t\t\t  \t\t\t\t\t\t\t<\/div>\n\t\t  \t\t\t\t\t\t\t\t\t  \t\t\t\t\t\t<\/div>\n\t  \t\t\t\t\t\t<\/a>\n\t  \t\t\t\t\t<\/div>\n\t  \t\t\t\t\t        \t<\/div>\n\n\t\t\t<\/div>\n\t\t\t\t\t\t<\/div>\n\t\t\t\t<\/div>\n\t\t\t\t\t<\/div>\n\t\t<\/div>\n\t\t\t\t\t<\/div>\n\t\t<\/section>\n\t\t\t\t<\/div>\n\t\t<\/p><\/div>\n                            <\/div>\n        <\/div>\n        \t\t\t\t<\/div>\n\t\t\t\t<\/div>\n\t\t\t\t\t<\/div>\n\t\t<\/div>\n\t\t\t\t\t<\/div>\n\t\t<\/section>\n\t\t\t\t<\/div>\n\t\t","protected":false},"excerpt":{"rendered":"<p>D\u00e9couvrez l&#039;H\u00f4tel Gr\u00e4cherhof, o\u00f9 l&#039;h\u00e9ritage suisse rencontre le luxe moderne Fond\u00e9 en 1933 par l&rsquo;une des familles les plus anciennes de Gr\u00e4chen, l&rsquo;H\u00f4tel Gr\u00e4cherhof est l&rsquo;un des premiers et des meilleurs h\u00f4tels de Gr\u00e4chen. Situ\u00e9 au c\u0153ur du village de Gr\u00e4chen, l&rsquo;architecture de style m\u00e9di\u00e9val de notre h\u00f4tel et sa fa\u00e7ade en pierre et bois [&hellip;]<\/p>\n","protected":false},"author":1,"featured_media":0,"parent":0,"menu_order":0,"comment_status":"closed","ping_status":"closed","template":"elementor_header_footer","meta":{"footnotes":""},"class_list":["post-8460","page","type-page","status-publish","hentry"],"yoast_head":"<!-- This site is optimized with the Yoast SEO plugin v27.5 - https:\/\/yoast.com\/product\/yoast-seo-wordpress\/ -->\n<title>Un h\u00e9ritage de qualit\u00e9 et d&#039;hospitalit\u00e9 suisse \u00e0 l&#039;h\u00f4tel Gr\u00e4cherhof<\/title>\n<meta name=\"description\" content=\"D\u00e9couvrez le m\u00e9lange parfait de charme historique et de luxe moderne \u00e0 l&#039;h\u00f4tel Gr\u00e4cherhof, situ\u00e9 au c\u0153ur de Gr\u00e4chen. Profitez de l&#039;hospitalit\u00e9 suisse dans un emplacement de choix, avec un acc\u00e8s facile aux attractions alpines, aux restaurants et aux exp\u00e9riences de bien-\u00eatre.\" \/>\n<meta name=\"robots\" content=\"index, follow, max-snippet:-1, max-image-preview:large, max-video-preview:-1\" \/>\n<link rel=\"canonical\" href=\"https:\/\/graecherhof.ch\/fr\/a-propos-de-nous\/\" \/>\n<meta property=\"og:locale\" content=\"fr_FR\" \/>\n<meta property=\"og:type\" content=\"article\" \/>\n<meta property=\"og:title\" content=\"Un h\u00e9ritage de qualit\u00e9 et d&#039;hospitalit\u00e9 suisse \u00e0 l&#039;h\u00f4tel Gr\u00e4cherhof\" \/>\n<meta property=\"og:description\" content=\"D\u00e9couvrez le m\u00e9lange parfait de charme historique et de luxe moderne \u00e0 l&#039;h\u00f4tel Gr\u00e4cherhof, situ\u00e9 au c\u0153ur de Gr\u00e4chen. Profitez de l&#039;hospitalit\u00e9 suisse dans un emplacement de choix, avec un acc\u00e8s facile aux attractions alpines, aux restaurants et aux exp\u00e9riences de bien-\u00eatre.\" \/>\n<meta property=\"og:url\" content=\"https:\/\/graecherhof.ch\/fr\/a-propos-de-nous\/\" \/>\n<meta property=\"og:site_name\" content=\"Graecherhof\" \/>\n<meta property=\"article:modified_time\" content=\"2025-01-07T21:43:33+00:00\" \/>\n<meta property=\"og:image\" content=\"https:\/\/dev-v2.graecherhof.ch\/wp-content\/uploads\/2024\/11\/WhatsApp-Image-2024-11-07-at-9.14.44-PM-1.jpeg\" \/>\n<meta name=\"twitter:card\" content=\"summary_large_image\" \/>\n<meta name=\"twitter:label1\" content=\"Dur\u00e9e de lecture estim\u00e9e\" \/>\n\t<meta name=\"twitter:data1\" content=\"5 minutes\" \/>\n<script type=\"application\/ld+json\" class=\"yoast-schema-graph\">{\"@context\":\"https:\\\/\\\/schema.org\",\"@graph\":[{\"@type\":\"WebPage\",\"@id\":\"https:\\\/\\\/graecherhof.ch\\\/fr\\\/a-propos-de-nous\\\/\",\"url\":\"https:\\\/\\\/graecherhof.ch\\\/fr\\\/a-propos-de-nous\\\/\",\"name\":\"Un h\u00e9ritage de qualit\u00e9 et d'hospitalit\u00e9 suisse \u00e0 l'h\u00f4tel Gr\u00e4cherhof\",\"isPartOf\":{\"@id\":\"https:\\\/\\\/graecherhof.ch\\\/#website\"},\"primaryImageOfPage\":{\"@id\":\"https:\\\/\\\/graecherhof.ch\\\/fr\\\/a-propos-de-nous\\\/#primaryimage\"},\"image\":{\"@id\":\"https:\\\/\\\/graecherhof.ch\\\/fr\\\/a-propos-de-nous\\\/#primaryimage\"},\"thumbnailUrl\":\"https:\\\/\\\/dev-v2.graecherhof.ch\\\/wp-content\\\/uploads\\\/2024\\\/11\\\/WhatsApp-Image-2024-11-07-at-9.14.44-PM-1.jpeg\",\"datePublished\":\"2024-11-07T18:32:54+00:00\",\"dateModified\":\"2025-01-07T21:43:33+00:00\",\"description\":\"D\u00e9couvrez le m\u00e9lange parfait de charme historique et de luxe moderne \u00e0 l'h\u00f4tel Gr\u00e4cherhof, situ\u00e9 au c\u0153ur de Gr\u00e4chen. Profitez de l'hospitalit\u00e9 suisse dans un emplacement de choix, avec un acc\u00e8s facile aux attractions alpines, aux restaurants et aux exp\u00e9riences de bien-\u00eatre.\",\"breadcrumb\":{\"@id\":\"https:\\\/\\\/graecherhof.ch\\\/fr\\\/a-propos-de-nous\\\/#breadcrumb\"},\"inLanguage\":\"fr-FR\",\"potentialAction\":[{\"@type\":\"ReadAction\",\"target\":[\"https:\\\/\\\/graecherhof.ch\\\/fr\\\/a-propos-de-nous\\\/\"]}]},{\"@type\":\"ImageObject\",\"inLanguage\":\"fr-FR\",\"@id\":\"https:\\\/\\\/graecherhof.ch\\\/fr\\\/a-propos-de-nous\\\/#primaryimage\",\"url\":\"https:\\\/\\\/dev-v2.graecherhof.ch\\\/wp-content\\\/uploads\\\/2024\\\/11\\\/WhatsApp-Image-2024-11-07-at-9.14.44-PM-1.jpeg\",\"contentUrl\":\"https:\\\/\\\/dev-v2.graecherhof.ch\\\/wp-content\\\/uploads\\\/2024\\\/11\\\/WhatsApp-Image-2024-11-07-at-9.14.44-PM-1.jpeg\"},{\"@type\":\"BreadcrumbList\",\"@id\":\"https:\\\/\\\/graecherhof.ch\\\/fr\\\/a-propos-de-nous\\\/#breadcrumb\",\"itemListElement\":[{\"@type\":\"ListItem\",\"position\":1,\"name\":\"Home\",\"item\":\"https:\\\/\\\/graecherhof.ch\\\/fr\\\/\"},{\"@type\":\"ListItem\",\"position\":2,\"name\":\"A propos de nous\"}]},{\"@type\":\"WebSite\",\"@id\":\"https:\\\/\\\/graecherhof.ch\\\/#website\",\"url\":\"https:\\\/\\\/graecherhof.ch\\\/\",\"name\":\"Graecherhof\",\"description\":\"Hotel &amp; SPA\",\"potentialAction\":[{\"@type\":\"SearchAction\",\"target\":{\"@type\":\"EntryPoint\",\"urlTemplate\":\"https:\\\/\\\/graecherhof.ch\\\/?s={search_term_string}\"},\"query-input\":{\"@type\":\"PropertyValueSpecification\",\"valueRequired\":true,\"valueName\":\"search_term_string\"}}],\"inLanguage\":\"fr-FR\"}]}<\/script>\n<!-- \/ Yoast SEO plugin. -->","yoast_head_json":{"title":"Un h\u00e9ritage de qualit\u00e9 et d'hospitalit\u00e9 suisse \u00e0 l'h\u00f4tel Gr\u00e4cherhof","description":"D\u00e9couvrez le m\u00e9lange parfait de charme historique et de luxe moderne \u00e0 l'h\u00f4tel Gr\u00e4cherhof, situ\u00e9 au c\u0153ur de Gr\u00e4chen. Profitez de l'hospitalit\u00e9 suisse dans un emplacement de choix, avec un acc\u00e8s facile aux attractions alpines, aux restaurants et aux exp\u00e9riences de bien-\u00eatre.","robots":{"index":"index","follow":"follow","max-snippet":"max-snippet:-1","max-image-preview":"max-image-preview:large","max-video-preview":"max-video-preview:-1"},"canonical":"https:\/\/graecherhof.ch\/fr\/a-propos-de-nous\/","og_locale":"fr_FR","og_type":"article","og_title":"Un h\u00e9ritage de qualit\u00e9 et d'hospitalit\u00e9 suisse \u00e0 l'h\u00f4tel Gr\u00e4cherhof","og_description":"D\u00e9couvrez le m\u00e9lange parfait de charme historique et de luxe moderne \u00e0 l'h\u00f4tel Gr\u00e4cherhof, situ\u00e9 au c\u0153ur de Gr\u00e4chen. Profitez de l'hospitalit\u00e9 suisse dans un emplacement de choix, avec un acc\u00e8s facile aux attractions alpines, aux restaurants et aux exp\u00e9riences de bien-\u00eatre.","og_url":"https:\/\/graecherhof.ch\/fr\/a-propos-de-nous\/","og_site_name":"Graecherhof","article_modified_time":"2025-01-07T21:43:33+00:00","og_image":[{"url":"https:\/\/dev-v2.graecherhof.ch\/wp-content\/uploads\/2024\/11\/WhatsApp-Image-2024-11-07-at-9.14.44-PM-1.jpeg","type":"","width":"","height":""}],"twitter_card":"summary_large_image","twitter_misc":{"Dur\u00e9e de lecture estim\u00e9e":"5 minutes"},"schema":{"@context":"https:\/\/schema.org","@graph":[{"@type":"WebPage","@id":"https:\/\/graecherhof.ch\/fr\/a-propos-de-nous\/","url":"https:\/\/graecherhof.ch\/fr\/a-propos-de-nous\/","name":"Un h\u00e9ritage de qualit\u00e9 et d'hospitalit\u00e9 suisse \u00e0 l'h\u00f4tel Gr\u00e4cherhof","isPartOf":{"@id":"https:\/\/graecherhof.ch\/#website"},"primaryImageOfPage":{"@id":"https:\/\/graecherhof.ch\/fr\/a-propos-de-nous\/#primaryimage"},"image":{"@id":"https:\/\/graecherhof.ch\/fr\/a-propos-de-nous\/#primaryimage"},"thumbnailUrl":"https:\/\/dev-v2.graecherhof.ch\/wp-content\/uploads\/2024\/11\/WhatsApp-Image-2024-11-07-at-9.14.44-PM-1.jpeg","datePublished":"2024-11-07T18:32:54+00:00","dateModified":"2025-01-07T21:43:33+00:00","description":"D\u00e9couvrez le m\u00e9lange parfait de charme historique et de luxe moderne \u00e0 l'h\u00f4tel Gr\u00e4cherhof, situ\u00e9 au c\u0153ur de Gr\u00e4chen. Profitez de l'hospitalit\u00e9 suisse dans un emplacement de choix, avec un acc\u00e8s facile aux attractions alpines, aux restaurants et aux exp\u00e9riences de bien-\u00eatre.","breadcrumb":{"@id":"https:\/\/graecherhof.ch\/fr\/a-propos-de-nous\/#breadcrumb"},"inLanguage":"fr-FR","potentialAction":[{"@type":"ReadAction","target":["https:\/\/graecherhof.ch\/fr\/a-propos-de-nous\/"]}]},{"@type":"ImageObject","inLanguage":"fr-FR","@id":"https:\/\/graecherhof.ch\/fr\/a-propos-de-nous\/#primaryimage","url":"https:\/\/dev-v2.graecherhof.ch\/wp-content\/uploads\/2024\/11\/WhatsApp-Image-2024-11-07-at-9.14.44-PM-1.jpeg","contentUrl":"https:\/\/dev-v2.graecherhof.ch\/wp-content\/uploads\/2024\/11\/WhatsApp-Image-2024-11-07-at-9.14.44-PM-1.jpeg"},{"@type":"BreadcrumbList","@id":"https:\/\/graecherhof.ch\/fr\/a-propos-de-nous\/#breadcrumb","itemListElement":[{"@type":"ListItem","position":1,"name":"Home","item":"https:\/\/graecherhof.ch\/fr\/"},{"@type":"ListItem","position":2,"name":"A propos de nous"}]},{"@type":"WebSite","@id":"https:\/\/graecherhof.ch\/#website","url":"https:\/\/graecherhof.ch\/","name":"Graecherhof","description":"Hotel &amp; SPA","potentialAction":[{"@type":"SearchAction","target":{"@type":"EntryPoint","urlTemplate":"https:\/\/graecherhof.ch\/?s={search_term_string}"},"query-input":{"@type":"PropertyValueSpecification","valueRequired":true,"valueName":"search_term_string"}}],"inLanguage":"fr-FR"}]}},"_links":{"self":[{"href":"https:\/\/graecherhof.ch\/fr\/wp-json\/wp\/v2\/pages\/8460","targetHints":{"allow":["GET"]}}],"collection":[{"href":"https:\/\/graecherhof.ch\/fr\/wp-json\/wp\/v2\/pages"}],"about":[{"href":"https:\/\/graecherhof.ch\/fr\/wp-json\/wp\/v2\/types\/page"}],"author":[{"embeddable":true,"href":"https:\/\/graecherhof.ch\/fr\/wp-json\/wp\/v2\/users\/1"}],"replies":[{"embeddable":true,"href":"https:\/\/graecherhof.ch\/fr\/wp-json\/wp\/v2\/comments?post=8460"}],"version-history":[{"count":66,"href":"https:\/\/graecherhof.ch\/fr\/wp-json\/wp\/v2\/pages\/8460\/revisions"}],"predecessor-version":[{"id":8943,"href":"https:\/\/graecherhof.ch\/fr\/wp-json\/wp\/v2\/pages\/8460\/revisions\/8943"}],"wp:attachment":[{"href":"https:\/\/graecherhof.ch\/fr\/wp-json\/wp\/v2\/media?parent=8460"}],"curies":[{"name":"wp","href":"https:\/\/api.w.org\/{rel}","templated":true}]}}