{"id":8559,"date":"2024-11-07T20:30:43","date_gmt":"2024-11-07T20:30:43","guid":{"rendered":"https:\/\/dev-v2.graecherhof.ch\/bien-etre\/"},"modified":"2025-01-18T15:32:52","modified_gmt":"2025-01-18T15:32:52","slug":"bien-etre","status":"publish","type":"page","link":"https:\/\/graecherhof.ch\/fr\/bien-etre\/","title":{"rendered":"Bien-\u00eatre"},"content":{"rendered":"\t\t<div data-elementor-type=\"wp-page\" data-elementor-id=\"8559\" class=\"elementor elementor-8559 elementor-5011\" data-elementor-post-type=\"page\">\n\t\t\t\t\t\t<section class=\"elementor-section elementor-top-section elementor-element elementor-element-69d4e37 elementor-section-boxed elementor-section-height-default elementor-section-height-default elementor-invisible\" data-id=\"69d4e37\" data-element_type=\"section\" data-e-type=\"section\" data-settings=\"{&quot;background_background&quot;:&quot;classic&quot;,&quot;animation&quot;:&quot;fadeIn&quot;}\">\n\t\t\t\t\t\t<div class=\"elementor-container elementor-column-gap-default\">\n\t\t\t\t\t<div class=\"elementor-column elementor-col-100 elementor-top-column elementor-element elementor-element-8bfa2d2\" data-id=\"8bfa2d2\" data-element_type=\"column\" data-e-type=\"column\">\n\t\t\t<div class=\"elementor-widget-wrap elementor-element-populated\">\n\t\t\t\t\t\t<div class=\"elementor-element elementor-element-3bbfcfb elementor-widget__width-initial elementor-widget elementor-widget-hotelft_elementor_heading\" data-id=\"3bbfcfb\" data-element_type=\"widget\" data-e-type=\"widget\" data-widget_type=\"hotelft_elementor_heading.default\">\n\t\t\t\t<div class=\"elementor-widget-container\">\n\t\t\t\t\t\n\t\t \t<div class=\"ova-heading \">\n\t\t \t   <h3 class=\"title\">\t\t\t\t\t\t\t\t\t\t\tESPACE BIEN-\u00caTRE\t\t\t\t\t\t\t\t\t<\/h3>\t\t    <\/div>\n\n\t\t\t\t\t\t<\/div>\n\t\t\t\t<\/div>\n\t\t\t\t<div class=\"elementor-element elementor-element-9172d84 elementor-widget__width-initial elementor-widget elementor-widget-hotelft_elementor_heading\" data-id=\"9172d84\" data-element_type=\"widget\" data-e-type=\"widget\" data-widget_type=\"hotelft_elementor_heading.default\">\n\t\t\t\t<div class=\"elementor-widget-container\">\n\t\t\t\t\t\n\t\t \t<div class=\"ova-heading \">\n\t\t \t   <h1 class=\"title\">\t\t\t\t\t\t\t\t\t\t\tD\u00e9tente et R\u00e9g\u00e9n\u00e9ration \u00e0 l&#039;Espace Bien-\u00catre Alpin de l&#039;H\u00f4tel Gr\u00e4cherhof\t\t\t\t\t\t\t\t\t<\/h1>\t\t    <\/div>\n\n\t\t\t\t\t\t<\/div>\n\t\t\t\t<\/div>\n\t\t\t\t<div class=\"elementor-element elementor-element-1f702c2 elementor-widget__width-initial elementor-widget elementor-widget-text-editor\" data-id=\"1f702c2\" data-element_type=\"widget\" data-e-type=\"widget\" data-widget_type=\"text-editor.default\">\n\t\t\t\t<div class=\"elementor-widget-container\">\n\t\t\t\t\t\t\t\t\tEntrez dans plus de 240 m\u00b2 de pure tranquillit\u00e9, o\u00f9 nos invit\u00e9s sont invit\u00e9s \u00e0 se d\u00e9tendre et se revitaliser dans un refuge vivifiant et agr\u00e9able, nich\u00e9 au c\u0153ur des Alpes. Que vous ayez pass\u00e9 la journ\u00e9e \u00e0 faire de la randonn\u00e9e, du ski, ou que vous ayez simplement besoin d&rsquo;une pause du stress quotidien, notre espace bien-\u00eatre offre le parfait refuge alpin.\t\t\t\t\t\t\t\t<\/div>\n\t\t\t\t<\/div>\n\t\t\t\t\t<\/div>\n\t\t<\/div>\n\t\t\t\t\t<\/div>\n\t\t<\/section>\n\t\t\t\t<section class=\"elementor-section elementor-top-section elementor-element elementor-element-6dd88c1 elementor-section-boxed elementor-section-height-default elementor-section-height-default elementor-invisible\" data-id=\"6dd88c1\" data-element_type=\"section\" data-e-type=\"section\" data-settings=\"{&quot;animation&quot;:&quot;fadeInUp&quot;}\">\n\t\t\t\t\t\t<div class=\"elementor-container elementor-column-gap-default\">\n\t\t\t\t\t<div class=\"elementor-column elementor-col-100 elementor-top-column elementor-element elementor-element-d34d91c\" data-id=\"d34d91c\" data-element_type=\"column\" data-e-type=\"column\">\n\t\t\t<div class=\"elementor-widget-wrap elementor-element-populated\">\n\t\t\t\t\t\t<div class=\"elementor-element elementor-element-9194c41 elementor-widget elementor-widget-image\" data-id=\"9194c41\" data-element_type=\"widget\" data-e-type=\"widget\" data-widget_type=\"image.default\">\n\t\t\t\t<div class=\"elementor-widget-container\">\n\t\t\t\t\t\t\t\t\t\t\t\t\t\t\t<img fetchpriority=\"high\" decoding=\"async\" width=\"965\" height=\"540\" src=\"https:\/\/graecherhof.ch\/wp-content\/uploads\/2024\/11\/WhatsApp-Image-2024-11-07-at-10.50.47-PM.jpeg\" class=\"attachment-full size-full wp-image-5036\" alt=\"SPA\" srcset=\"https:\/\/graecherhof.ch\/wp-content\/uploads\/2024\/11\/WhatsApp-Image-2024-11-07-at-10.50.47-PM.jpeg 965w, https:\/\/graecherhof.ch\/wp-content\/uploads\/2024\/11\/WhatsApp-Image-2024-11-07-at-10.50.47-PM-300x168.jpeg 300w, https:\/\/graecherhof.ch\/wp-content\/uploads\/2024\/11\/WhatsApp-Image-2024-11-07-at-10.50.47-PM-768x430.jpeg 768w, https:\/\/graecherhof.ch\/wp-content\/uploads\/2024\/11\/WhatsApp-Image-2024-11-07-at-10.50.47-PM-600x336.jpeg 600w\" sizes=\"(max-width: 965px) 100vw, 965px\" \/>\t\t\t\t\t\t\t\t\t\t\t\t\t\t\t<\/div>\n\t\t\t\t<\/div>\n\t\t\t\t\t<\/div>\n\t\t<\/div>\n\t\t\t\t\t<\/div>\n\t\t<\/section>\n\t\t\t\t<section class=\"elementor-section elementor-top-section elementor-element elementor-element-951c837 elementor-hidden-desktop elementor-hidden-tablet elementor-section-boxed elementor-section-height-default elementor-section-height-default\" data-id=\"951c837\" data-element_type=\"section\" data-e-type=\"section\">\n\t\t\t\t\t\t<div class=\"elementor-container elementor-column-gap-default\">\n\t\t\t\t\t<div class=\"elementor-column elementor-col-100 elementor-top-column elementor-element elementor-element-759f735\" data-id=\"759f735\" data-element_type=\"column\" data-e-type=\"column\">\n\t\t\t<div class=\"elementor-widget-wrap elementor-element-populated\">\n\t\t\t\t\t\t<section class=\"elementor-section elementor-inner-section elementor-element elementor-element-ceed4a5 elementor-section-full_width elementor-section-height-default elementor-section-height-default\" data-id=\"ceed4a5\" data-element_type=\"section\" data-e-type=\"section\">\n\t\t\t\t\t\t<div class=\"elementor-container elementor-column-gap-no\">\n\t\t\t\t\t<div class=\"elementor-column elementor-col-50 elementor-inner-column elementor-element elementor-element-473ff0d\" data-id=\"473ff0d\" data-element_type=\"column\" data-e-type=\"column\">\n\t\t\t<div class=\"elementor-widget-wrap elementor-element-populated\">\n\t\t\t\t\t\t<div class=\"elementor-element elementor-element-d105e40 elementor-widget elementor-widget-heading\" data-id=\"d105e40\" data-element_type=\"widget\" data-e-type=\"widget\" data-widget_type=\"heading.default\">\n\t\t\t\t<div class=\"elementor-widget-container\">\n\t\t\t\t\t<h2 class=\"elementor-heading-title elementor-size-default\">Sauna Bio<\/h2>\t\t\t\t<\/div>\n\t\t\t\t<\/div>\n\t\t\t\t<div class=\"elementor-element elementor-element-2115298 elementor-widget__width-initial elementor-widget elementor-widget-text-editor\" data-id=\"2115298\" data-element_type=\"widget\" data-e-type=\"widget\" data-widget_type=\"text-editor.default\">\n\t\t\t\t<div class=\"elementor-widget-container\">\n\t\t\t\t\t\t\t\t\tVivez une exp\u00e9rience de sauna douce \u00e0 50\u00b0 \u2013 60\u00b0 avec 50 % d&rsquo;humidit\u00e9. La th\u00e9rapie par lumi\u00e8re color\u00e9e int\u00e9gr\u00e9e et la vue panoramique sur les montagnes \u00e9l\u00e8vent la d\u00e9tente, cr\u00e9ant un environnement serein qui apaise le corps et l&rsquo;esprit.\t\t\t\t\t\t\t\t<\/div>\n\t\t\t\t<\/div>\n\t\t\t\t\t<\/div>\n\t\t<\/div>\n\t\t\t\t<div class=\"elementor-column elementor-col-50 elementor-inner-column elementor-element elementor-element-02d6da0\" data-id=\"02d6da0\" data-element_type=\"column\" data-e-type=\"column\">\n\t\t\t<div class=\"elementor-widget-wrap elementor-element-populated\">\n\t\t\t\t\t\t<div class=\"elementor-element elementor-element-c7bebb5 elementor-widget elementor-widget-image\" data-id=\"c7bebb5\" data-element_type=\"widget\" data-e-type=\"widget\" data-widget_type=\"image.default\">\n\t\t\t\t<div class=\"elementor-widget-container\">\n\t\t\t\t\t\t\t\t\t\t\t\t\t\t\t<img decoding=\"async\" width=\"1424\" height=\"949\" src=\"https:\/\/graecherhof.ch\/wp-content\/uploads\/2024\/11\/WhatsApp-Image-2024-11-07-at-11.03.37-PM.jpeg\" class=\"attachment-full size-full wp-image-5052\" alt=\"Luxurious spa at Hotel Gr\u00e4cherhof, offering ultimate relaxation in Gr\u00e4chen, Switzerland\" srcset=\"https:\/\/graecherhof.ch\/wp-content\/uploads\/2024\/11\/WhatsApp-Image-2024-11-07-at-11.03.37-PM.jpeg 1424w, https:\/\/graecherhof.ch\/wp-content\/uploads\/2024\/11\/WhatsApp-Image-2024-11-07-at-11.03.37-PM-300x200.jpeg 300w, https:\/\/graecherhof.ch\/wp-content\/uploads\/2024\/11\/WhatsApp-Image-2024-11-07-at-11.03.37-PM-1024x682.jpeg 1024w, https:\/\/graecherhof.ch\/wp-content\/uploads\/2024\/11\/WhatsApp-Image-2024-11-07-at-11.03.37-PM-768x512.jpeg 768w, https:\/\/graecherhof.ch\/wp-content\/uploads\/2024\/11\/WhatsApp-Image-2024-11-07-at-11.03.37-PM-600x400.jpeg 600w\" sizes=\"(max-width: 1424px) 100vw, 1424px\" \/>\t\t\t\t\t\t\t\t\t\t\t\t\t\t\t<\/div>\n\t\t\t\t<\/div>\n\t\t\t\t\t<\/div>\n\t\t<\/div>\n\t\t\t\t\t<\/div>\n\t\t<\/section>\n\t\t\t\t<section class=\"elementor-section elementor-inner-section elementor-element elementor-element-5c67f62 elementor-section-full_width elementor-section-height-default elementor-section-height-default\" data-id=\"5c67f62\" data-element_type=\"section\" data-e-type=\"section\">\n\t\t\t\t\t\t<div class=\"elementor-container elementor-column-gap-no\">\n\t\t\t\t\t<div class=\"elementor-column elementor-col-50 elementor-inner-column elementor-element elementor-element-2d76dbe\" data-id=\"2d76dbe\" data-element_type=\"column\" data-e-type=\"column\">\n\t\t\t<div class=\"elementor-widget-wrap elementor-element-populated\">\n\t\t\t\t\t\t<div class=\"elementor-element elementor-element-2c7c5fc elementor-widget elementor-widget-heading\" data-id=\"2c7c5fc\" data-element_type=\"widget\" data-e-type=\"widget\" data-widget_type=\"heading.default\">\n\t\t\t\t<div class=\"elementor-widget-container\">\n\t\t\t\t\t<h2 class=\"elementor-heading-title elementor-size-default\">Bain de Vapeur<\/h2>\t\t\t\t<\/div>\n\t\t\t\t<\/div>\n\t\t\t\t<div class=\"elementor-element elementor-element-cc43d99 elementor-widget__width-initial elementor-widget elementor-widget-text-editor\" data-id=\"cc43d99\" data-element_type=\"widget\" data-e-type=\"widget\" data-widget_type=\"text-editor.default\">\n\t\t\t\t<div class=\"elementor-widget-container\">\n\t\t\t\t\t\t\t\t\t<p>D\u00e9couvrez une relaxation profonde avec une temp\u00e9rature de 50\u00b0C et une humidit\u00e9 de 90-100%, accompagn\u00e9e d&rsquo;un parfum subtil. Le cristal de roche illumin\u00e9 de Gr\u00e4chen ajoute une ambiance alpine, stimulant vos sens et l&rsquo;esprit des vacances.<\/p>\t\t\t\t\t\t\t\t<\/div>\n\t\t\t\t<\/div>\n\t\t\t\t\t<\/div>\n\t\t<\/div>\n\t\t\t\t<div class=\"elementor-column elementor-col-50 elementor-inner-column elementor-element elementor-element-3f82aa2\" data-id=\"3f82aa2\" data-element_type=\"column\" data-e-type=\"column\">\n\t\t\t<div class=\"elementor-widget-wrap elementor-element-populated\">\n\t\t\t\t\t\t<div class=\"elementor-element elementor-element-e1ed630 elementor-widget elementor-widget-image\" data-id=\"e1ed630\" data-element_type=\"widget\" data-e-type=\"widget\" data-widget_type=\"image.default\">\n\t\t\t\t<div class=\"elementor-widget-container\">\n\t\t\t\t\t\t\t\t\t\t\t\t\t\t\t<img decoding=\"async\" width=\"1424\" height=\"949\" src=\"https:\/\/graecherhof.ch\/wp-content\/uploads\/2024\/11\/WhatsApp-Image-2024-11-07-at-11.06.37-PM.jpeg\" class=\"attachment-full size-full wp-image-5053\" alt=\"Rejuvenate in our tranquil wellness spa with mountain views in the Swiss Alps\" srcset=\"https:\/\/graecherhof.ch\/wp-content\/uploads\/2024\/11\/WhatsApp-Image-2024-11-07-at-11.06.37-PM.jpeg 1424w, https:\/\/graecherhof.ch\/wp-content\/uploads\/2024\/11\/WhatsApp-Image-2024-11-07-at-11.06.37-PM-300x200.jpeg 300w, https:\/\/graecherhof.ch\/wp-content\/uploads\/2024\/11\/WhatsApp-Image-2024-11-07-at-11.06.37-PM-1024x682.jpeg 1024w, https:\/\/graecherhof.ch\/wp-content\/uploads\/2024\/11\/WhatsApp-Image-2024-11-07-at-11.06.37-PM-768x512.jpeg 768w, https:\/\/graecherhof.ch\/wp-content\/uploads\/2024\/11\/WhatsApp-Image-2024-11-07-at-11.06.37-PM-600x400.jpeg 600w\" sizes=\"(max-width: 1424px) 100vw, 1424px\" \/>\t\t\t\t\t\t\t\t\t\t\t\t\t\t\t<\/div>\n\t\t\t\t<\/div>\n\t\t\t\t\t<\/div>\n\t\t<\/div>\n\t\t\t\t\t<\/div>\n\t\t<\/section>\n\t\t\t\t<section class=\"elementor-section elementor-inner-section elementor-element elementor-element-9247362 elementor-section-full_width elementor-section-height-default elementor-section-height-default\" data-id=\"9247362\" data-element_type=\"section\" data-e-type=\"section\">\n\t\t\t\t\t\t<div class=\"elementor-container elementor-column-gap-no\">\n\t\t\t\t\t<div class=\"elementor-column elementor-col-50 elementor-inner-column elementor-element elementor-element-a5d907b\" data-id=\"a5d907b\" data-element_type=\"column\" data-e-type=\"column\">\n\t\t\t<div class=\"elementor-widget-wrap elementor-element-populated\">\n\t\t\t\t\t\t<div class=\"elementor-element elementor-element-b1cde5d elementor-widget elementor-widget-heading\" data-id=\"b1cde5d\" data-element_type=\"widget\" data-e-type=\"widget\" data-widget_type=\"heading.default\">\n\t\t\t\t<div class=\"elementor-widget-container\">\n\t\t\t\t\t<h2 class=\"elementor-heading-title elementor-size-default\">Sauna Finlandais<\/h2>\t\t\t\t<\/div>\n\t\t\t\t<\/div>\n\t\t\t\t<div class=\"elementor-element elementor-element-622718e elementor-widget__width-initial elementor-widget elementor-widget-text-editor\" data-id=\"622718e\" data-element_type=\"widget\" data-e-type=\"widget\" data-widget_type=\"text-editor.default\">\n\t\t\t\t<div class=\"elementor-widget-container\">\n\t\t\t\t\t\t\t\t\t<p>Profitez d&rsquo;une exp\u00e9rience traditionnelle de sauna \u00e0 80\u00b0 \u2013 90\u00b0, avec des vues panoramiques \u00e0 couper le souffle sur la vall\u00e9e du Matterhorn, vous rapprochant du majestueux paysage montagneux.<\/p>\t\t\t\t\t\t\t\t<\/div>\n\t\t\t\t<\/div>\n\t\t\t\t\t<\/div>\n\t\t<\/div>\n\t\t\t\t<div class=\"elementor-column elementor-col-50 elementor-inner-column elementor-element elementor-element-86a5aa5\" data-id=\"86a5aa5\" data-element_type=\"column\" data-e-type=\"column\">\n\t\t\t<div class=\"elementor-widget-wrap elementor-element-populated\">\n\t\t\t\t\t\t<div class=\"elementor-element elementor-element-fa7c8dd elementor-widget elementor-widget-image\" data-id=\"fa7c8dd\" data-element_type=\"widget\" data-e-type=\"widget\" data-widget_type=\"image.default\">\n\t\t\t\t<div class=\"elementor-widget-container\">\n\t\t\t\t\t\t\t\t\t\t\t\t\t\t\t<img loading=\"lazy\" decoding=\"async\" width=\"1424\" height=\"949\" src=\"https:\/\/graecherhof.ch\/wp-content\/uploads\/2024\/11\/WhatsApp-Image-2024-11-07-at-11.11.54-PM.jpeg\" class=\"attachment-full size-full wp-image-5057\" alt=\"Alpine spa retreat featuring sauna, steam rooms, and relaxing treatments in Gr\u00e4chen\" srcset=\"https:\/\/graecherhof.ch\/wp-content\/uploads\/2024\/11\/WhatsApp-Image-2024-11-07-at-11.11.54-PM.jpeg 1424w, https:\/\/graecherhof.ch\/wp-content\/uploads\/2024\/11\/WhatsApp-Image-2024-11-07-at-11.11.54-PM-300x200.jpeg 300w, https:\/\/graecherhof.ch\/wp-content\/uploads\/2024\/11\/WhatsApp-Image-2024-11-07-at-11.11.54-PM-1024x682.jpeg 1024w, https:\/\/graecherhof.ch\/wp-content\/uploads\/2024\/11\/WhatsApp-Image-2024-11-07-at-11.11.54-PM-768x512.jpeg 768w, https:\/\/graecherhof.ch\/wp-content\/uploads\/2024\/11\/WhatsApp-Image-2024-11-07-at-11.11.54-PM-600x400.jpeg 600w\" sizes=\"(max-width: 1424px) 100vw, 1424px\" \/>\t\t\t\t\t\t\t\t\t\t\t\t\t\t\t<\/div>\n\t\t\t\t<\/div>\n\t\t\t\t\t<\/div>\n\t\t<\/div>\n\t\t\t\t\t<\/div>\n\t\t<\/section>\n\t\t\t\t<section class=\"elementor-section elementor-inner-section elementor-element elementor-element-17b507b elementor-section-full_width elementor-section-height-default elementor-section-height-default\" data-id=\"17b507b\" data-element_type=\"section\" data-e-type=\"section\">\n\t\t\t\t\t\t<div class=\"elementor-container elementor-column-gap-no\">\n\t\t\t\t\t<div class=\"elementor-column elementor-col-50 elementor-inner-column elementor-element elementor-element-7da48a1\" data-id=\"7da48a1\" data-element_type=\"column\" data-e-type=\"column\">\n\t\t\t<div class=\"elementor-widget-wrap elementor-element-populated\">\n\t\t\t\t\t\t<div class=\"elementor-element elementor-element-a8536f8 elementor-widget elementor-widget-heading\" data-id=\"a8536f8\" data-element_type=\"widget\" data-e-type=\"widget\" data-widget_type=\"heading.default\">\n\t\t\t\t<div class=\"elementor-widget-container\">\n\t\t\t\t\t<h2 class=\"elementor-heading-title elementor-size-default\">Bain \u00e0 Bulles<\/h2>\t\t\t\t<\/div>\n\t\t\t\t<\/div>\n\t\t\t\t<div class=\"elementor-element elementor-element-d98af41 elementor-widget__width-initial elementor-widget elementor-widget-text-editor\" data-id=\"d98af41\" data-element_type=\"widget\" data-e-type=\"widget\" data-widget_type=\"text-editor.default\">\n\t\t\t\t<div class=\"elementor-widget-container\">\n\t\t\t\t\t\t\t\t\t<p>Id\u00e9al pour revitaliser les jambes fatigu\u00e9es apr\u00e8s une journ\u00e9e sur les sentiers ou les pistes. La piscine \u00e0 bulles d&rsquo;air chaud ou froid stimule la circulation, soulage les tensions musculaires et restaure l&rsquo;\u00e9nergie.<\/p>\t\t\t\t\t\t\t\t<\/div>\n\t\t\t\t<\/div>\n\t\t\t\t\t<\/div>\n\t\t<\/div>\n\t\t\t\t<div class=\"elementor-column elementor-col-50 elementor-inner-column elementor-element elementor-element-7b3e801\" data-id=\"7b3e801\" data-element_type=\"column\" data-e-type=\"column\">\n\t\t\t<div class=\"elementor-widget-wrap elementor-element-populated\">\n\t\t\t\t\t\t<div class=\"elementor-element elementor-element-3ed07f3 elementor-widget elementor-widget-image\" data-id=\"3ed07f3\" data-element_type=\"widget\" data-e-type=\"widget\" data-widget_type=\"image.default\">\n\t\t\t\t<div class=\"elementor-widget-container\">\n\t\t\t\t\t\t\t\t\t\t\t\t\t\t\t<img loading=\"lazy\" decoding=\"async\" width=\"1424\" height=\"949\" src=\"https:\/\/graecherhof.ch\/wp-content\/uploads\/2024\/11\/e5f577140961de725cf53334e2f54f20.jpg\" class=\"attachment-full size-full wp-image-5047\" alt=\"Luxurious spa at Hotel Gr\u00e4cherhof, offering ultimate relaxation in Gr\u00e4chen, Switzerland\" srcset=\"https:\/\/graecherhof.ch\/wp-content\/uploads\/2024\/11\/e5f577140961de725cf53334e2f54f20.jpg 1424w, https:\/\/graecherhof.ch\/wp-content\/uploads\/2024\/11\/e5f577140961de725cf53334e2f54f20-300x200.jpg 300w, https:\/\/graecherhof.ch\/wp-content\/uploads\/2024\/11\/e5f577140961de725cf53334e2f54f20-1024x682.jpg 1024w, https:\/\/graecherhof.ch\/wp-content\/uploads\/2024\/11\/e5f577140961de725cf53334e2f54f20-768x512.jpg 768w, https:\/\/graecherhof.ch\/wp-content\/uploads\/2024\/11\/e5f577140961de725cf53334e2f54f20-600x400.jpg 600w\" sizes=\"(max-width: 1424px) 100vw, 1424px\" \/>\t\t\t\t\t\t\t\t\t\t\t\t\t\t\t<\/div>\n\t\t\t\t<\/div>\n\t\t\t\t\t<\/div>\n\t\t<\/div>\n\t\t\t\t\t<\/div>\n\t\t<\/section>\n\t\t\t\t\t<\/div>\n\t\t<\/div>\n\t\t\t\t\t<\/div>\n\t\t<\/section>\n\t\t\t\t<section class=\"elementor-section elementor-top-section elementor-element elementor-element-2f85a08 elementor-section-full_width elementor-hidden-desktop elementor-hidden-tablet elementor-section-height-default elementor-section-height-default elementor-invisible\" data-id=\"2f85a08\" data-element_type=\"section\" data-e-type=\"section\" data-settings=\"{&quot;background_background&quot;:&quot;classic&quot;,&quot;animation&quot;:&quot;fadeIn&quot;}\">\n\t\t\t\t\t\t<div class=\"elementor-container elementor-column-gap-no\">\n\t\t\t\t\t<div class=\"elementor-column elementor-col-100 elementor-top-column elementor-element elementor-element-947bfb2\" data-id=\"947bfb2\" data-element_type=\"column\" data-e-type=\"column\">\n\t\t\t<div class=\"elementor-widget-wrap elementor-element-populated\">\n\t\t\t\t\t\t<div class=\"elementor-element elementor-element-bddf220 elementor-widget elementor-widget-hotelft_elementor_simple_image_carousel\" data-id=\"bddf220\" data-element_type=\"widget\" data-e-type=\"widget\" data-settings=\"{&quot;pause_on_hover&quot;:&quot;yes&quot;,&quot;infinite&quot;:&quot;yes&quot;,&quot;autoplay&quot;:&quot;yes&quot;,&quot;dot_control&quot;:&quot;yes&quot;}\" data-widget_type=\"hotelft_elementor_simple_image_carousel.default\">\n\t\t\t\t<div class=\"elementor-widget-container\">\n\t\t\t\t\t          \n           <div class=\"ova-simple-image-carousel\">\n\n\t\t\t\t<div class=\"simple-image-carousel owl-carousel owl-theme\" data-options=\"{&quot;items&quot;:1,&quot;slideBy&quot;:1,&quot;margin&quot;:30,&quot;stagePadding&quot;:380,&quot;autoplayHoverPause&quot;:true,&quot;loop&quot;:true,&quot;autoplay&quot;:true,&quot;autoWidth&quot;:false,&quot;autoplayTimeout&quot;:3000,&quot;smartSpeed&quot;:500,&quot;rtl&quot;:false,&quot;dots&quot;:true,&quot;nav&quot;:false,&quot;nav_left&quot;:&quot;flaticon flaticon-left&quot;,&quot;nav_right&quot;:&quot;flaticon flaticon-right-arrow&quot;}\">\n\t\t\t\t\t\n\t                        \n\t\t\t\t\t\t\t\t<div class=\"item\">\n\t\t\t\t\t\t\t\t\t<div class=\"simple-image-carousel-img\">\n\t\t\t\t\t\t\t\t\t\t<img decoding=\"async\" src=\"https:\/\/dev-v2.graecherhof.ch\/wp-content\/uploads\/2024\/12\/home-wellness-01-1.jpg\" alt=\"Luxurious spa at Hotel Gr\u00e4cherhof, offering ultimate relaxation in Gr\u00e4chen, Switzerland\">\n\t\t\t\t\t\t\t\t\t\t\t\t\t\t\t\t\t\t\t<\/div>\n\t\t\t\t\t\t\t\t<\/div>\n\t\t\t\t\t\t\t\t\n\t\t\t\t\t\t\t\n\t\t\t\t\t\n\t                        \n\t\t\t\t\t\t\t\t<div class=\"item\">\n\t\t\t\t\t\t\t\t\t<div class=\"simple-image-carousel-img\">\n\t\t\t\t\t\t\t\t\t\t<img decoding=\"async\" src=\"https:\/\/dev-v2.graecherhof.ch\/wp-content\/uploads\/2024\/12\/home-wellness-02.jpg\" alt=\"Rejuvenate in our tranquil wellness spa with mountain views in the Swiss Alps\">\n\t\t\t\t\t\t\t\t\t\t\t\t\t\t\t\t\t\t\t<\/div>\n\t\t\t\t\t\t\t\t<\/div>\n\t\t\t\t\t\t\t\t\n\t\t\t\t\t\t\t\n\t\t\t\t\t\n\t                        \n\t\t\t\t\t\t\t\t<div class=\"item\">\n\t\t\t\t\t\t\t\t\t<div class=\"simple-image-carousel-img\">\n\t\t\t\t\t\t\t\t\t\t<img decoding=\"async\" src=\"https:\/\/dev-v2.graecherhof.ch\/wp-content\/uploads\/2024\/12\/home-wellness-03.jpg\" alt=\"\">\n\t\t\t\t\t\t\t\t\t\t\t\t\t\t\t\t\t\t\t<\/div>\n\t\t\t\t\t\t\t\t<\/div>\n\t\t\t\t\t\t\t\t\n\t\t\t\t\t\t\t\n\t\t\t\t\t\n\t\t\t\t<\/div>\n\n\t\t\t<\/div>\n\t\t \t\n\t\t\t\t\t\t<\/div>\n\t\t\t\t<\/div>\n\t\t\t\t\t<\/div>\n\t\t<\/div>\n\t\t\t\t\t<\/div>\n\t\t<\/section>\n\t\t\t\t<section class=\"elementor-section elementor-top-section elementor-element elementor-element-a4bfee5 elementor-hidden-desktop elementor-hidden-tablet elementor-section-boxed elementor-section-height-default elementor-section-height-default\" data-id=\"a4bfee5\" data-element_type=\"section\" data-e-type=\"section\">\n\t\t\t\t\t\t<div class=\"elementor-container elementor-column-gap-default\">\n\t\t\t\t\t<div class=\"elementor-column elementor-col-100 elementor-top-column elementor-element elementor-element-4c157e5\" data-id=\"4c157e5\" data-element_type=\"column\" data-e-type=\"column\">\n\t\t\t<div class=\"elementor-widget-wrap elementor-element-populated\">\n\t\t\t\t\t\t<section class=\"elementor-section elementor-inner-section elementor-element elementor-element-5f7ab70 elementor-section-full_width elementor-section-height-default elementor-section-height-default\" data-id=\"5f7ab70\" data-element_type=\"section\" data-e-type=\"section\">\n\t\t\t\t\t\t<div class=\"elementor-container elementor-column-gap-no\">\n\t\t\t\t\t<div class=\"elementor-column elementor-col-50 elementor-inner-column elementor-element elementor-element-9cfb16b\" data-id=\"9cfb16b\" data-element_type=\"column\" data-e-type=\"column\">\n\t\t\t<div class=\"elementor-widget-wrap elementor-element-populated\">\n\t\t\t\t\t\t<div class=\"elementor-element elementor-element-6e7a735 elementor-widget elementor-widget-heading\" data-id=\"6e7a735\" data-element_type=\"widget\" data-e-type=\"widget\" data-widget_type=\"heading.default\">\n\t\t\t\t<div class=\"elementor-widget-container\">\n\t\t\t\t\t<h2 class=\"elementor-heading-title elementor-size-default\">Douche Aventure<\/h2>\t\t\t\t<\/div>\n\t\t\t\t<\/div>\n\t\t\t\t<div class=\"elementor-element elementor-element-d302124 elementor-widget__width-initial elementor-widget elementor-widget-text-editor\" data-id=\"d302124\" data-element_type=\"widget\" data-e-type=\"widget\" data-widget_type=\"text-editor.default\">\n\t\t\t\t<div class=\"elementor-widget-container\">\n\t\t\t\t\t\t\t\t\t<p>Inspir\u00e9es par les \u00e9l\u00e9ments de la montagne, nos douches aventure simulent un ruisseau de montagne ou un orage d&rsquo;\u00e9t\u00e9, offrant une exp\u00e9rience sensorielle rafra\u00eechissante.<\/p>\t\t\t\t\t\t\t\t<\/div>\n\t\t\t\t<\/div>\n\t\t\t\t\t<\/div>\n\t\t<\/div>\n\t\t\t\t<div class=\"elementor-column elementor-col-50 elementor-inner-column elementor-element elementor-element-a84da42\" data-id=\"a84da42\" data-element_type=\"column\" data-e-type=\"column\">\n\t\t\t<div class=\"elementor-widget-wrap elementor-element-populated\">\n\t\t\t\t\t\t<div class=\"elementor-element elementor-element-f9e8530 elementor-widget elementor-widget-image\" data-id=\"f9e8530\" data-element_type=\"widget\" data-e-type=\"widget\" data-widget_type=\"image.default\">\n\t\t\t\t<div class=\"elementor-widget-container\">\n\t\t\t\t\t\t\t\t\t\t\t\t\t\t\t<img loading=\"lazy\" decoding=\"async\" width=\"1424\" height=\"949\" src=\"https:\/\/graecherhof.ch\/wp-content\/uploads\/2024\/11\/WhatsApp-Image-2024-11-07-at-11.12.45-PM.jpeg\" class=\"attachment-full size-full wp-image-5058\" alt=\"Luxurious spa at Hotel Gr\u00e4cherhof, offering ultimate relaxation in Gr\u00e4chen, Switzerland\" srcset=\"https:\/\/graecherhof.ch\/wp-content\/uploads\/2024\/11\/WhatsApp-Image-2024-11-07-at-11.12.45-PM.jpeg 1424w, https:\/\/graecherhof.ch\/wp-content\/uploads\/2024\/11\/WhatsApp-Image-2024-11-07-at-11.12.45-PM-300x200.jpeg 300w, https:\/\/graecherhof.ch\/wp-content\/uploads\/2024\/11\/WhatsApp-Image-2024-11-07-at-11.12.45-PM-1024x682.jpeg 1024w, https:\/\/graecherhof.ch\/wp-content\/uploads\/2024\/11\/WhatsApp-Image-2024-11-07-at-11.12.45-PM-768x512.jpeg 768w, https:\/\/graecherhof.ch\/wp-content\/uploads\/2024\/11\/WhatsApp-Image-2024-11-07-at-11.12.45-PM-600x400.jpeg 600w\" sizes=\"(max-width: 1424px) 100vw, 1424px\" \/>\t\t\t\t\t\t\t\t\t\t\t\t\t\t\t<\/div>\n\t\t\t\t<\/div>\n\t\t\t\t\t<\/div>\n\t\t<\/div>\n\t\t\t\t\t<\/div>\n\t\t<\/section>\n\t\t\t\t<section class=\"elementor-section elementor-inner-section elementor-element elementor-element-5bdf661 elementor-section-full_width elementor-section-height-default elementor-section-height-default\" data-id=\"5bdf661\" data-element_type=\"section\" data-e-type=\"section\">\n\t\t\t\t\t\t<div class=\"elementor-container elementor-column-gap-no\">\n\t\t\t\t\t<div class=\"elementor-column elementor-col-50 elementor-inner-column elementor-element elementor-element-c9bd2ed\" data-id=\"c9bd2ed\" data-element_type=\"column\" data-e-type=\"column\">\n\t\t\t<div class=\"elementor-widget-wrap elementor-element-populated\">\n\t\t\t\t\t\t<div class=\"elementor-element elementor-element-00ca272 elementor-widget elementor-widget-heading\" data-id=\"00ca272\" data-element_type=\"widget\" data-e-type=\"widget\" data-widget_type=\"heading.default\">\n\t\t\t\t<div class=\"elementor-widget-container\">\n\t\t\t\t\t<h2 class=\"elementor-heading-title elementor-size-default\">Bain de Pieds Whirlpool<\/h2>\t\t\t\t<\/div>\n\t\t\t\t<\/div>\n\t\t\t\t<div class=\"elementor-element elementor-element-30c657f elementor-widget__width-initial elementor-widget elementor-widget-text-editor\" data-id=\"30c657f\" data-element_type=\"widget\" data-e-type=\"widget\" data-widget_type=\"text-editor.default\">\n\t\t\t\t<div class=\"elementor-widget-container\">\n\t\t\t\t\t\t\t\t\t<p>Apaisez vos pieds et vos jambes fatigu\u00e9s avec nos bains de pieds \u00e0 remous, con\u00e7us pour stimuler la circulation et activer votre m\u00e9tabolisme.<\/p>\t\t\t\t\t\t\t\t<\/div>\n\t\t\t\t<\/div>\n\t\t\t\t\t<\/div>\n\t\t<\/div>\n\t\t\t\t<div class=\"elementor-column elementor-col-50 elementor-inner-column elementor-element elementor-element-8867897\" data-id=\"8867897\" data-element_type=\"column\" data-e-type=\"column\">\n\t\t\t<div class=\"elementor-widget-wrap elementor-element-populated\">\n\t\t\t\t\t\t<div class=\"elementor-element elementor-element-f19e949 elementor-widget elementor-widget-image\" data-id=\"f19e949\" data-element_type=\"widget\" data-e-type=\"widget\" data-widget_type=\"image.default\">\n\t\t\t\t<div class=\"elementor-widget-container\">\n\t\t\t\t\t\t\t\t\t\t\t\t\t\t\t<img loading=\"lazy\" decoding=\"async\" width=\"1139\" height=\"760\" src=\"https:\/\/graecherhof.ch\/wp-content\/uploads\/2024\/11\/WhatsApp-Image-2024-11-07-at-11.13.21-PM.jpeg\" class=\"attachment-full size-full wp-image-5059\" alt=\"Rejuvenate in our tranquil wellness spa with mountain views in the Swiss Alps\" srcset=\"https:\/\/graecherhof.ch\/wp-content\/uploads\/2024\/11\/WhatsApp-Image-2024-11-07-at-11.13.21-PM.jpeg 1139w, https:\/\/graecherhof.ch\/wp-content\/uploads\/2024\/11\/WhatsApp-Image-2024-11-07-at-11.13.21-PM-300x200.jpeg 300w, https:\/\/graecherhof.ch\/wp-content\/uploads\/2024\/11\/WhatsApp-Image-2024-11-07-at-11.13.21-PM-1024x683.jpeg 1024w, https:\/\/graecherhof.ch\/wp-content\/uploads\/2024\/11\/WhatsApp-Image-2024-11-07-at-11.13.21-PM-768x512.jpeg 768w, https:\/\/graecherhof.ch\/wp-content\/uploads\/2024\/11\/WhatsApp-Image-2024-11-07-at-11.13.21-PM-600x400.jpeg 600w\" sizes=\"(max-width: 1139px) 100vw, 1139px\" \/>\t\t\t\t\t\t\t\t\t\t\t\t\t\t\t<\/div>\n\t\t\t\t<\/div>\n\t\t\t\t\t<\/div>\n\t\t<\/div>\n\t\t\t\t\t<\/div>\n\t\t<\/section>\n\t\t\t\t<section class=\"elementor-section elementor-inner-section elementor-element elementor-element-0dd34ce elementor-section-full_width elementor-section-height-default elementor-section-height-default\" data-id=\"0dd34ce\" data-element_type=\"section\" data-e-type=\"section\">\n\t\t\t\t\t\t<div class=\"elementor-container elementor-column-gap-no\">\n\t\t\t\t\t<div class=\"elementor-column elementor-col-50 elementor-inner-column elementor-element elementor-element-3823a38\" data-id=\"3823a38\" data-element_type=\"column\" data-e-type=\"column\">\n\t\t\t<div class=\"elementor-widget-wrap elementor-element-populated\">\n\t\t\t\t\t\t<div class=\"elementor-element elementor-element-17f38c4 elementor-widget elementor-widget-heading\" data-id=\"17f38c4\" data-element_type=\"widget\" data-e-type=\"widget\" data-widget_type=\"heading.default\">\n\t\t\t\t<div class=\"elementor-widget-container\">\n\t\t\t\t\t<h2 class=\"elementor-heading-title elementor-size-default\">Chalet avec Chemin\u00e9e Ouverte<\/h2>\t\t\t\t<\/div>\n\t\t\t\t<\/div>\n\t\t\t\t<div class=\"elementor-element elementor-element-de9abde elementor-widget__width-initial elementor-widget elementor-widget-text-editor\" data-id=\"de9abde\" data-element_type=\"widget\" data-e-type=\"widget\" data-widget_type=\"text-editor.default\">\n\t\t\t\t<div class=\"elementor-widget-container\">\n\t\t\t\t\t\t\t\t\t<p>D\u00e9tendez-vous dans une atmosph\u00e8re chaleureuse dans notre espace de relaxation, o\u00f9 une chemin\u00e9e cr\u00e9pitante ajoute chaleur et confort \u00e0 votre exp\u00e9rience alpine.<\/p>\t\t\t\t\t\t\t\t<\/div>\n\t\t\t\t<\/div>\n\t\t\t\t\t<\/div>\n\t\t<\/div>\n\t\t\t\t<div class=\"elementor-column elementor-col-50 elementor-inner-column elementor-element elementor-element-3edef7e\" data-id=\"3edef7e\" data-element_type=\"column\" data-e-type=\"column\">\n\t\t\t<div class=\"elementor-widget-wrap elementor-element-populated\">\n\t\t\t\t\t\t<div class=\"elementor-element elementor-element-00290bc elementor-widget elementor-widget-image\" data-id=\"00290bc\" data-element_type=\"widget\" data-e-type=\"widget\" data-widget_type=\"image.default\">\n\t\t\t\t<div class=\"elementor-widget-container\">\n\t\t\t\t\t\t\t\t\t\t\t\t\t\t\t<img loading=\"lazy\" decoding=\"async\" width=\"1424\" height=\"949\" src=\"https:\/\/graecherhof.ch\/wp-content\/uploads\/2024\/11\/1174fa12248853587f614476a4d2cbf0.jpg\" class=\"attachment-full size-full wp-image-5042\" alt=\"Alpine spa retreat featuring sauna, steam rooms, and relaxing treatments in Gr\u00e4chen\" srcset=\"https:\/\/graecherhof.ch\/wp-content\/uploads\/2024\/11\/1174fa12248853587f614476a4d2cbf0.jpg 1424w, https:\/\/graecherhof.ch\/wp-content\/uploads\/2024\/11\/1174fa12248853587f614476a4d2cbf0-300x200.jpg 300w, https:\/\/graecherhof.ch\/wp-content\/uploads\/2024\/11\/1174fa12248853587f614476a4d2cbf0-1024x682.jpg 1024w, https:\/\/graecherhof.ch\/wp-content\/uploads\/2024\/11\/1174fa12248853587f614476a4d2cbf0-768x512.jpg 768w, https:\/\/graecherhof.ch\/wp-content\/uploads\/2024\/11\/1174fa12248853587f614476a4d2cbf0-600x400.jpg 600w\" sizes=\"(max-width: 1424px) 100vw, 1424px\" \/>\t\t\t\t\t\t\t\t\t\t\t\t\t\t\t<\/div>\n\t\t\t\t<\/div>\n\t\t\t\t\t<\/div>\n\t\t<\/div>\n\t\t\t\t\t<\/div>\n\t\t<\/section>\n\t\t\t\t<section class=\"elementor-section elementor-inner-section elementor-element elementor-element-3439c41 elementor-section-full_width elementor-section-height-default elementor-section-height-default\" data-id=\"3439c41\" data-element_type=\"section\" data-e-type=\"section\">\n\t\t\t\t\t\t<div class=\"elementor-container elementor-column-gap-no\">\n\t\t\t\t\t<div class=\"elementor-column elementor-col-50 elementor-inner-column elementor-element elementor-element-c9a2cff\" data-id=\"c9a2cff\" data-element_type=\"column\" data-e-type=\"column\">\n\t\t\t<div class=\"elementor-widget-wrap elementor-element-populated\">\n\t\t\t\t\t\t<div class=\"elementor-element elementor-element-1aba15c elementor-widget elementor-widget-heading\" data-id=\"1aba15c\" data-element_type=\"widget\" data-e-type=\"widget\" data-widget_type=\"heading.default\">\n\t\t\t\t<div class=\"elementor-widget-container\">\n\t\t\t\t\t<h2 class=\"elementor-heading-title elementor-size-default\">Bar \u00e0 Jus &amp; Th\u00e9s<\/h2>\t\t\t\t<\/div>\n\t\t\t\t<\/div>\n\t\t\t\t<div class=\"elementor-element elementor-element-d036a40 elementor-widget__width-initial elementor-widget elementor-widget-text-editor\" data-id=\"d036a40\" data-element_type=\"widget\" data-e-type=\"widget\" data-widget_type=\"text-editor.default\">\n\t\t\t\t<div class=\"elementor-widget-container\">\n\t\t\t\t\t\t\t\t\tR\u00e9hydratez-vous et rechargez vos batteries avec une s\u00e9lection de jus riches en vitamines et de th\u00e9s soigneusement choisis, con\u00e7us pour am\u00e9liorer votre bien-\u00eatre.\t\t\t\t\t\t\t\t<\/div>\n\t\t\t\t<\/div>\n\t\t\t\t\t<\/div>\n\t\t<\/div>\n\t\t\t\t<div class=\"elementor-column elementor-col-50 elementor-inner-column elementor-element elementor-element-2b8459c\" data-id=\"2b8459c\" data-element_type=\"column\" data-e-type=\"column\">\n\t\t\t<div class=\"elementor-widget-wrap elementor-element-populated\">\n\t\t\t\t\t\t<div class=\"elementor-element elementor-element-f112541 elementor-widget elementor-widget-image\" data-id=\"f112541\" data-element_type=\"widget\" data-e-type=\"widget\" data-widget_type=\"image.default\">\n\t\t\t\t<div class=\"elementor-widget-container\">\n\t\t\t\t\t\t\t\t\t\t\t\t\t\t\t<img loading=\"lazy\" decoding=\"async\" width=\"1424\" height=\"949\" src=\"https:\/\/graecherhof.ch\/wp-content\/uploads\/2024\/11\/WhatsApp-Image-2024-11-07-at-11.14.13-PM.jpeg\" class=\"attachment-full size-full wp-image-5060\" alt=\"Alpine spa retreat featuring sauna, steam rooms, and relaxing treatments in Gr\u00e4chen\" srcset=\"https:\/\/graecherhof.ch\/wp-content\/uploads\/2024\/11\/WhatsApp-Image-2024-11-07-at-11.14.13-PM.jpeg 1424w, https:\/\/graecherhof.ch\/wp-content\/uploads\/2024\/11\/WhatsApp-Image-2024-11-07-at-11.14.13-PM-300x200.jpeg 300w, https:\/\/graecherhof.ch\/wp-content\/uploads\/2024\/11\/WhatsApp-Image-2024-11-07-at-11.14.13-PM-1024x682.jpeg 1024w, https:\/\/graecherhof.ch\/wp-content\/uploads\/2024\/11\/WhatsApp-Image-2024-11-07-at-11.14.13-PM-768x512.jpeg 768w, https:\/\/graecherhof.ch\/wp-content\/uploads\/2024\/11\/WhatsApp-Image-2024-11-07-at-11.14.13-PM-600x400.jpeg 600w\" sizes=\"(max-width: 1424px) 100vw, 1424px\" \/>\t\t\t\t\t\t\t\t\t\t\t\t\t\t\t<\/div>\n\t\t\t\t<\/div>\n\t\t\t\t\t<\/div>\n\t\t<\/div>\n\t\t\t\t\t<\/div>\n\t\t<\/section>\n\t\t\t\t\t<\/div>\n\t\t<\/div>\n\t\t\t\t\t<\/div>\n\t\t<\/section>\n\t\t\t\t<section class=\"elementor-section elementor-top-section elementor-element elementor-element-3afda9b elementor-hidden-mobile elementor-section-boxed elementor-section-height-default elementor-section-height-default elementor-invisible\" data-id=\"3afda9b\" data-element_type=\"section\" data-e-type=\"section\" data-settings=\"{&quot;animation&quot;:&quot;fadeIn&quot;}\">\n\t\t\t\t\t\t<div class=\"elementor-container elementor-column-gap-default\">\n\t\t\t\t\t<div class=\"elementor-column elementor-col-100 elementor-top-column elementor-element elementor-element-bcce3cd\" data-id=\"bcce3cd\" data-element_type=\"column\" data-e-type=\"column\">\n\t\t\t<div class=\"elementor-widget-wrap elementor-element-populated\">\n\t\t\t\t\t\t<section class=\"elementor-section elementor-inner-section elementor-element elementor-element-d55d12a elementor-section-full_width elementor-section-height-default elementor-section-height-default\" data-id=\"d55d12a\" data-element_type=\"section\" data-e-type=\"section\">\n\t\t\t\t\t\t<div class=\"elementor-container elementor-column-gap-no\">\n\t\t\t\t\t<div class=\"elementor-column elementor-col-50 elementor-inner-column elementor-element elementor-element-89a3cbc\" data-id=\"89a3cbc\" data-element_type=\"column\" data-e-type=\"column\">\n\t\t\t<div class=\"elementor-widget-wrap elementor-element-populated\">\n\t\t\t\t\t\t<div class=\"elementor-element elementor-element-d0c5151 elementor-widget elementor-widget-image\" data-id=\"d0c5151\" data-element_type=\"widget\" data-e-type=\"widget\" data-widget_type=\"image.default\">\n\t\t\t\t<div class=\"elementor-widget-container\">\n\t\t\t\t\t\t\t\t\t\t\t\t\t\t\t<img decoding=\"async\" width=\"1424\" height=\"949\" src=\"https:\/\/graecherhof.ch\/wp-content\/uploads\/2024\/11\/WhatsApp-Image-2024-11-07-at-11.03.37-PM.jpeg\" class=\"attachment-full size-full wp-image-5052\" alt=\"Luxurious spa at Hotel Gr\u00e4cherhof, offering ultimate relaxation in Gr\u00e4chen, Switzerland\" srcset=\"https:\/\/graecherhof.ch\/wp-content\/uploads\/2024\/11\/WhatsApp-Image-2024-11-07-at-11.03.37-PM.jpeg 1424w, https:\/\/graecherhof.ch\/wp-content\/uploads\/2024\/11\/WhatsApp-Image-2024-11-07-at-11.03.37-PM-300x200.jpeg 300w, https:\/\/graecherhof.ch\/wp-content\/uploads\/2024\/11\/WhatsApp-Image-2024-11-07-at-11.03.37-PM-1024x682.jpeg 1024w, https:\/\/graecherhof.ch\/wp-content\/uploads\/2024\/11\/WhatsApp-Image-2024-11-07-at-11.03.37-PM-768x512.jpeg 768w, https:\/\/graecherhof.ch\/wp-content\/uploads\/2024\/11\/WhatsApp-Image-2024-11-07-at-11.03.37-PM-600x400.jpeg 600w\" sizes=\"(max-width: 1424px) 100vw, 1424px\" \/>\t\t\t\t\t\t\t\t\t\t\t\t\t\t\t<\/div>\n\t\t\t\t<\/div>\n\t\t\t\t\t<\/div>\n\t\t<\/div>\n\t\t\t\t<div class=\"elementor-column elementor-col-50 elementor-inner-column elementor-element elementor-element-7a02b44\" data-id=\"7a02b44\" data-element_type=\"column\" data-e-type=\"column\">\n\t\t\t<div class=\"elementor-widget-wrap elementor-element-populated\">\n\t\t\t\t\t\t<div class=\"elementor-element elementor-element-9ad00e6 elementor-widget elementor-widget-heading\" data-id=\"9ad00e6\" data-element_type=\"widget\" data-e-type=\"widget\" data-widget_type=\"heading.default\">\n\t\t\t\t<div class=\"elementor-widget-container\">\n\t\t\t\t\t<h2 class=\"elementor-heading-title elementor-size-default\">Sauna Bio<\/h2>\t\t\t\t<\/div>\n\t\t\t\t<\/div>\n\t\t\t\t<div class=\"elementor-element elementor-element-39bcadb elementor-widget__width-initial elementor-widget elementor-widget-text-editor\" data-id=\"39bcadb\" data-element_type=\"widget\" data-e-type=\"widget\" data-widget_type=\"text-editor.default\">\n\t\t\t\t<div class=\"elementor-widget-container\">\n\t\t\t\t\t\t\t\t\t<p>Vivez une exp\u00e9rience de sauna douce \u00e0 50\u00b0 \u2013 60\u00b0 avec 50 % d&rsquo;humidit\u00e9. La th\u00e9rapie par lumi\u00e8re color\u00e9e int\u00e9gr\u00e9e et la vue panoramique sur les montagnes \u00e9l\u00e8vent la d\u00e9tente, cr\u00e9ant un environnement serein qui apaise le corps et l&rsquo;esprit.<\/p>\t\t\t\t\t\t\t\t<\/div>\n\t\t\t\t<\/div>\n\t\t\t\t\t<\/div>\n\t\t<\/div>\n\t\t\t\t\t<\/div>\n\t\t<\/section>\n\t\t\t\t<section class=\"elementor-section elementor-inner-section elementor-element elementor-element-dd9760f elementor-section-full_width elementor-section-height-default elementor-section-height-default\" data-id=\"dd9760f\" data-element_type=\"section\" data-e-type=\"section\">\n\t\t\t\t\t\t<div class=\"elementor-container elementor-column-gap-no\">\n\t\t\t\t\t<div class=\"elementor-column elementor-col-50 elementor-inner-column elementor-element elementor-element-4970fd5\" data-id=\"4970fd5\" data-element_type=\"column\" data-e-type=\"column\">\n\t\t\t<div class=\"elementor-widget-wrap elementor-element-populated\">\n\t\t\t\t\t\t<div class=\"elementor-element elementor-element-2ce2a97 elementor-widget elementor-widget-heading\" data-id=\"2ce2a97\" data-element_type=\"widget\" data-e-type=\"widget\" data-widget_type=\"heading.default\">\n\t\t\t\t<div class=\"elementor-widget-container\">\n\t\t\t\t\t<h2 class=\"elementor-heading-title elementor-size-default\">Bain de Vapeur<\/h2>\t\t\t\t<\/div>\n\t\t\t\t<\/div>\n\t\t\t\t<div class=\"elementor-element elementor-element-d0d0356 elementor-widget__width-initial elementor-widget elementor-widget-text-editor\" data-id=\"d0d0356\" data-element_type=\"widget\" data-e-type=\"widget\" data-widget_type=\"text-editor.default\">\n\t\t\t\t<div class=\"elementor-widget-container\">\n\t\t\t\t\t\t\t\t\tD\u00e9couvrez une relaxation profonde avec une temp\u00e9rature de 50\u00b0C et une humidit\u00e9 de 90-100%, accompagn\u00e9e d&rsquo;un parfum subtil. Le cristal de roche illumin\u00e9 de Gr\u00e4chen ajoute une ambiance alpine, stimulant vos sens et l&rsquo;esprit des vacances.\t\t\t\t\t\t\t\t<\/div>\n\t\t\t\t<\/div>\n\t\t\t\t\t<\/div>\n\t\t<\/div>\n\t\t\t\t<div class=\"elementor-column elementor-col-50 elementor-inner-column elementor-element elementor-element-d271445\" data-id=\"d271445\" data-element_type=\"column\" data-e-type=\"column\">\n\t\t\t<div class=\"elementor-widget-wrap elementor-element-populated\">\n\t\t\t\t\t\t<div class=\"elementor-element elementor-element-de3739b elementor-widget elementor-widget-image\" data-id=\"de3739b\" data-element_type=\"widget\" data-e-type=\"widget\" data-widget_type=\"image.default\">\n\t\t\t\t<div class=\"elementor-widget-container\">\n\t\t\t\t\t\t\t\t\t\t\t\t\t\t\t<img decoding=\"async\" width=\"1424\" height=\"949\" src=\"https:\/\/graecherhof.ch\/wp-content\/uploads\/2024\/11\/WhatsApp-Image-2024-11-07-at-11.06.37-PM.jpeg\" class=\"attachment-full size-full wp-image-5053\" alt=\"Rejuvenate in our tranquil wellness spa with mountain views in the Swiss Alps\" srcset=\"https:\/\/graecherhof.ch\/wp-content\/uploads\/2024\/11\/WhatsApp-Image-2024-11-07-at-11.06.37-PM.jpeg 1424w, https:\/\/graecherhof.ch\/wp-content\/uploads\/2024\/11\/WhatsApp-Image-2024-11-07-at-11.06.37-PM-300x200.jpeg 300w, https:\/\/graecherhof.ch\/wp-content\/uploads\/2024\/11\/WhatsApp-Image-2024-11-07-at-11.06.37-PM-1024x682.jpeg 1024w, https:\/\/graecherhof.ch\/wp-content\/uploads\/2024\/11\/WhatsApp-Image-2024-11-07-at-11.06.37-PM-768x512.jpeg 768w, https:\/\/graecherhof.ch\/wp-content\/uploads\/2024\/11\/WhatsApp-Image-2024-11-07-at-11.06.37-PM-600x400.jpeg 600w\" sizes=\"(max-width: 1424px) 100vw, 1424px\" \/>\t\t\t\t\t\t\t\t\t\t\t\t\t\t\t<\/div>\n\t\t\t\t<\/div>\n\t\t\t\t\t<\/div>\n\t\t<\/div>\n\t\t\t\t\t<\/div>\n\t\t<\/section>\n\t\t\t\t<section class=\"elementor-section elementor-inner-section elementor-element elementor-element-8c07cf0 elementor-section-full_width elementor-section-height-default elementor-section-height-default\" data-id=\"8c07cf0\" data-element_type=\"section\" data-e-type=\"section\">\n\t\t\t\t\t\t<div class=\"elementor-container elementor-column-gap-no\">\n\t\t\t\t\t<div class=\"elementor-column elementor-col-50 elementor-inner-column elementor-element elementor-element-b628fbc\" data-id=\"b628fbc\" data-element_type=\"column\" data-e-type=\"column\">\n\t\t\t<div class=\"elementor-widget-wrap elementor-element-populated\">\n\t\t\t\t\t\t<div class=\"elementor-element elementor-element-77f29a9 elementor-widget elementor-widget-image\" data-id=\"77f29a9\" data-element_type=\"widget\" data-e-type=\"widget\" data-widget_type=\"image.default\">\n\t\t\t\t<div class=\"elementor-widget-container\">\n\t\t\t\t\t\t\t\t\t\t\t\t\t\t\t<img loading=\"lazy\" decoding=\"async\" width=\"1424\" height=\"949\" src=\"https:\/\/graecherhof.ch\/wp-content\/uploads\/2024\/11\/WhatsApp-Image-2024-11-07-at-11.11.54-PM.jpeg\" class=\"attachment-full size-full wp-image-5057\" alt=\"Alpine spa retreat featuring sauna, steam rooms, and relaxing treatments in Gr\u00e4chen\" srcset=\"https:\/\/graecherhof.ch\/wp-content\/uploads\/2024\/11\/WhatsApp-Image-2024-11-07-at-11.11.54-PM.jpeg 1424w, https:\/\/graecherhof.ch\/wp-content\/uploads\/2024\/11\/WhatsApp-Image-2024-11-07-at-11.11.54-PM-300x200.jpeg 300w, https:\/\/graecherhof.ch\/wp-content\/uploads\/2024\/11\/WhatsApp-Image-2024-11-07-at-11.11.54-PM-1024x682.jpeg 1024w, https:\/\/graecherhof.ch\/wp-content\/uploads\/2024\/11\/WhatsApp-Image-2024-11-07-at-11.11.54-PM-768x512.jpeg 768w, https:\/\/graecherhof.ch\/wp-content\/uploads\/2024\/11\/WhatsApp-Image-2024-11-07-at-11.11.54-PM-600x400.jpeg 600w\" sizes=\"(max-width: 1424px) 100vw, 1424px\" \/>\t\t\t\t\t\t\t\t\t\t\t\t\t\t\t<\/div>\n\t\t\t\t<\/div>\n\t\t\t\t\t<\/div>\n\t\t<\/div>\n\t\t\t\t<div class=\"elementor-column elementor-col-50 elementor-inner-column elementor-element elementor-element-46c2ad0\" data-id=\"46c2ad0\" data-element_type=\"column\" data-e-type=\"column\">\n\t\t\t<div class=\"elementor-widget-wrap elementor-element-populated\">\n\t\t\t\t\t\t<div class=\"elementor-element elementor-element-084ea27 elementor-widget elementor-widget-heading\" data-id=\"084ea27\" data-element_type=\"widget\" data-e-type=\"widget\" data-widget_type=\"heading.default\">\n\t\t\t\t<div class=\"elementor-widget-container\">\n\t\t\t\t\t<h2 class=\"elementor-heading-title elementor-size-default\">Sauna Finlandais<\/h2>\t\t\t\t<\/div>\n\t\t\t\t<\/div>\n\t\t\t\t<div class=\"elementor-element elementor-element-8d73d38 elementor-widget__width-initial elementor-widget elementor-widget-text-editor\" data-id=\"8d73d38\" data-element_type=\"widget\" data-e-type=\"widget\" data-widget_type=\"text-editor.default\">\n\t\t\t\t<div class=\"elementor-widget-container\">\n\t\t\t\t\t\t\t\t\tProfitez d&rsquo;une exp\u00e9rience traditionnelle de sauna \u00e0 80\u00b0 \u2013 90\u00b0, avec des vues panoramiques \u00e0 couper le souffle sur la vall\u00e9e du Matterhorn, vous rapprochant du majestueux paysage montagneux.\t\t\t\t\t\t\t\t<\/div>\n\t\t\t\t<\/div>\n\t\t\t\t\t<\/div>\n\t\t<\/div>\n\t\t\t\t\t<\/div>\n\t\t<\/section>\n\t\t\t\t<section class=\"elementor-section elementor-inner-section elementor-element elementor-element-6924add elementor-section-full_width elementor-section-height-default elementor-section-height-default\" data-id=\"6924add\" data-element_type=\"section\" data-e-type=\"section\">\n\t\t\t\t\t\t<div class=\"elementor-container elementor-column-gap-no\">\n\t\t\t\t\t<div class=\"elementor-column elementor-col-50 elementor-inner-column elementor-element elementor-element-594f677\" data-id=\"594f677\" data-element_type=\"column\" data-e-type=\"column\">\n\t\t\t<div class=\"elementor-widget-wrap elementor-element-populated\">\n\t\t\t\t\t\t<div class=\"elementor-element elementor-element-f259eb8 elementor-widget elementor-widget-heading\" data-id=\"f259eb8\" data-element_type=\"widget\" data-e-type=\"widget\" data-widget_type=\"heading.default\">\n\t\t\t\t<div class=\"elementor-widget-container\">\n\t\t\t\t\t<h2 class=\"elementor-heading-title elementor-size-default\">Bain \u00e0 Bulles<\/h2>\t\t\t\t<\/div>\n\t\t\t\t<\/div>\n\t\t\t\t<div class=\"elementor-element elementor-element-8abfe44 elementor-widget__width-initial elementor-widget elementor-widget-text-editor\" data-id=\"8abfe44\" data-element_type=\"widget\" data-e-type=\"widget\" data-widget_type=\"text-editor.default\">\n\t\t\t\t<div class=\"elementor-widget-container\">\n\t\t\t\t\t\t\t\t\t<p>Id\u00e9al pour revitaliser les jambes fatigu\u00e9es apr\u00e8s une journ\u00e9e sur les sentiers ou les pistes. La piscine \u00e0 bulles d&rsquo;air chaud ou froid stimule la circulation, soulage les tensions musculaires et restaure l&rsquo;\u00e9nergie.<\/p>\t\t\t\t\t\t\t\t<\/div>\n\t\t\t\t<\/div>\n\t\t\t\t\t<\/div>\n\t\t<\/div>\n\t\t\t\t<div class=\"elementor-column elementor-col-50 elementor-inner-column elementor-element elementor-element-2004eeb\" data-id=\"2004eeb\" data-element_type=\"column\" data-e-type=\"column\">\n\t\t\t<div class=\"elementor-widget-wrap elementor-element-populated\">\n\t\t\t\t\t\t<div class=\"elementor-element elementor-element-63c24b9 elementor-widget elementor-widget-image\" data-id=\"63c24b9\" data-element_type=\"widget\" data-e-type=\"widget\" data-widget_type=\"image.default\">\n\t\t\t\t<div class=\"elementor-widget-container\">\n\t\t\t\t\t\t\t\t\t\t\t\t\t\t\t<img loading=\"lazy\" decoding=\"async\" width=\"1424\" height=\"949\" src=\"https:\/\/graecherhof.ch\/wp-content\/uploads\/2024\/11\/e5f577140961de725cf53334e2f54f20.jpg\" class=\"attachment-full size-full wp-image-5047\" alt=\"Luxurious spa at Hotel Gr\u00e4cherhof, offering ultimate relaxation in Gr\u00e4chen, Switzerland\" srcset=\"https:\/\/graecherhof.ch\/wp-content\/uploads\/2024\/11\/e5f577140961de725cf53334e2f54f20.jpg 1424w, https:\/\/graecherhof.ch\/wp-content\/uploads\/2024\/11\/e5f577140961de725cf53334e2f54f20-300x200.jpg 300w, https:\/\/graecherhof.ch\/wp-content\/uploads\/2024\/11\/e5f577140961de725cf53334e2f54f20-1024x682.jpg 1024w, https:\/\/graecherhof.ch\/wp-content\/uploads\/2024\/11\/e5f577140961de725cf53334e2f54f20-768x512.jpg 768w, https:\/\/graecherhof.ch\/wp-content\/uploads\/2024\/11\/e5f577140961de725cf53334e2f54f20-600x400.jpg 600w\" sizes=\"(max-width: 1424px) 100vw, 1424px\" \/>\t\t\t\t\t\t\t\t\t\t\t\t\t\t\t<\/div>\n\t\t\t\t<\/div>\n\t\t\t\t\t<\/div>\n\t\t<\/div>\n\t\t\t\t\t<\/div>\n\t\t<\/section>\n\t\t\t\t\t<\/div>\n\t\t<\/div>\n\t\t\t\t\t<\/div>\n\t\t<\/section>\n\t\t\t\t<section class=\"elementor-section elementor-top-section elementor-element elementor-element-5639ea0 elementor-section-full_width elementor-hidden-mobile elementor-section-height-default elementor-section-height-default elementor-invisible\" data-id=\"5639ea0\" data-element_type=\"section\" data-e-type=\"section\" data-settings=\"{&quot;background_background&quot;:&quot;classic&quot;,&quot;animation&quot;:&quot;fadeIn&quot;}\">\n\t\t\t\t\t\t<div class=\"elementor-container elementor-column-gap-no\">\n\t\t\t\t\t<div class=\"elementor-column elementor-col-100 elementor-top-column elementor-element elementor-element-c790ab5\" data-id=\"c790ab5\" data-element_type=\"column\" data-e-type=\"column\">\n\t\t\t<div class=\"elementor-widget-wrap elementor-element-populated\">\n\t\t\t\t\t\t<div class=\"elementor-element elementor-element-59e16f9 elementor-widget elementor-widget-hotelft_elementor_simple_image_carousel\" data-id=\"59e16f9\" data-element_type=\"widget\" data-e-type=\"widget\" data-settings=\"{&quot;pause_on_hover&quot;:&quot;yes&quot;,&quot;infinite&quot;:&quot;yes&quot;,&quot;autoplay&quot;:&quot;yes&quot;,&quot;dot_control&quot;:&quot;yes&quot;}\" data-widget_type=\"hotelft_elementor_simple_image_carousel.default\">\n\t\t\t\t<div class=\"elementor-widget-container\">\n\t\t\t\t\t          \n           <div class=\"ova-simple-image-carousel\">\n\n\t\t\t\t<div class=\"simple-image-carousel owl-carousel owl-theme\" data-options=\"{&quot;items&quot;:1,&quot;slideBy&quot;:1,&quot;margin&quot;:30,&quot;stagePadding&quot;:380,&quot;autoplayHoverPause&quot;:true,&quot;loop&quot;:true,&quot;autoplay&quot;:true,&quot;autoWidth&quot;:false,&quot;autoplayTimeout&quot;:3000,&quot;smartSpeed&quot;:500,&quot;rtl&quot;:false,&quot;dots&quot;:true,&quot;nav&quot;:false,&quot;nav_left&quot;:&quot;flaticon flaticon-left&quot;,&quot;nav_right&quot;:&quot;flaticon flaticon-right-arrow&quot;}\">\n\t\t\t\t\t\n\t                        \n\t\t\t\t\t\t\t\t<div class=\"item\">\n\t\t\t\t\t\t\t\t\t<div class=\"simple-image-carousel-img\">\n\t\t\t\t\t\t\t\t\t\t<img decoding=\"async\" src=\"https:\/\/dev-v2.graecherhof.ch\/wp-content\/uploads\/2024\/12\/home-wellness-01-1.jpg\" alt=\"Luxurious spa at Hotel Gr\u00e4cherhof, offering ultimate relaxation in Gr\u00e4chen, Switzerland\">\n\t\t\t\t\t\t\t\t\t\t\t\t\t\t\t\t\t\t\t<\/div>\n\t\t\t\t\t\t\t\t<\/div>\n\t\t\t\t\t\t\t\t\n\t\t\t\t\t\t\t\n\t\t\t\t\t\n\t                        \n\t\t\t\t\t\t\t\t<div class=\"item\">\n\t\t\t\t\t\t\t\t\t<div class=\"simple-image-carousel-img\">\n\t\t\t\t\t\t\t\t\t\t<img decoding=\"async\" src=\"https:\/\/dev-v2.graecherhof.ch\/wp-content\/uploads\/2024\/12\/home-wellness-02.jpg\" alt=\" Rejuvenate in our tranquil wellness spa with mountain views in the Swiss Alps\">\n\t\t\t\t\t\t\t\t\t\t\t\t\t\t\t\t\t\t\t<\/div>\n\t\t\t\t\t\t\t\t<\/div>\n\t\t\t\t\t\t\t\t\n\t\t\t\t\t\t\t\n\t\t\t\t\t\n\t                        \n\t\t\t\t\t\t\t\t<div class=\"item\">\n\t\t\t\t\t\t\t\t\t<div class=\"simple-image-carousel-img\">\n\t\t\t\t\t\t\t\t\t\t<img decoding=\"async\" src=\"https:\/\/dev-v2.graecherhof.ch\/wp-content\/uploads\/2024\/12\/home-wellness-03.jpg\" alt=\"Alpine spa retreat featuring sauna, steam rooms, and relaxing treatments in Gr\u00e4chen\">\n\t\t\t\t\t\t\t\t\t\t\t\t\t\t\t\t\t\t\t<\/div>\n\t\t\t\t\t\t\t\t<\/div>\n\t\t\t\t\t\t\t\t\n\t\t\t\t\t\t\t\n\t\t\t\t\t\n\t\t\t\t<\/div>\n\n\t\t\t<\/div>\n\t\t \t\n\t\t\t\t\t\t<\/div>\n\t\t\t\t<\/div>\n\t\t\t\t\t<\/div>\n\t\t<\/div>\n\t\t\t\t\t<\/div>\n\t\t<\/section>\n\t\t\t\t<section class=\"elementor-section elementor-top-section elementor-element elementor-element-f96a17c elementor-hidden-mobile elementor-section-boxed elementor-section-height-default elementor-section-height-default elementor-invisible\" data-id=\"f96a17c\" data-element_type=\"section\" data-e-type=\"section\" data-settings=\"{&quot;animation&quot;:&quot;fadeIn&quot;}\">\n\t\t\t\t\t\t<div class=\"elementor-container elementor-column-gap-default\">\n\t\t\t\t\t<div class=\"elementor-column elementor-col-100 elementor-top-column elementor-element elementor-element-d0bb1e5\" data-id=\"d0bb1e5\" data-element_type=\"column\" data-e-type=\"column\">\n\t\t\t<div class=\"elementor-widget-wrap elementor-element-populated\">\n\t\t\t\t\t\t<section class=\"elementor-section elementor-inner-section elementor-element elementor-element-cdd9fe9 elementor-section-full_width elementor-section-height-default elementor-section-height-default\" data-id=\"cdd9fe9\" data-element_type=\"section\" data-e-type=\"section\">\n\t\t\t\t\t\t<div class=\"elementor-container elementor-column-gap-no\">\n\t\t\t\t\t<div class=\"elementor-column elementor-col-50 elementor-inner-column elementor-element elementor-element-b77afb4\" data-id=\"b77afb4\" data-element_type=\"column\" data-e-type=\"column\">\n\t\t\t<div class=\"elementor-widget-wrap elementor-element-populated\">\n\t\t\t\t\t\t<div class=\"elementor-element elementor-element-e396d13 elementor-widget elementor-widget-image\" data-id=\"e396d13\" data-element_type=\"widget\" data-e-type=\"widget\" data-widget_type=\"image.default\">\n\t\t\t\t<div class=\"elementor-widget-container\">\n\t\t\t\t\t\t\t\t\t\t\t\t\t\t\t<img loading=\"lazy\" decoding=\"async\" width=\"1424\" height=\"949\" src=\"https:\/\/graecherhof.ch\/wp-content\/uploads\/2024\/11\/WhatsApp-Image-2024-11-07-at-11.12.45-PM.jpeg\" class=\"attachment-full size-full wp-image-5058\" alt=\"Luxurious spa at Hotel Gr\u00e4cherhof, offering ultimate relaxation in Gr\u00e4chen, Switzerland\" srcset=\"https:\/\/graecherhof.ch\/wp-content\/uploads\/2024\/11\/WhatsApp-Image-2024-11-07-at-11.12.45-PM.jpeg 1424w, https:\/\/graecherhof.ch\/wp-content\/uploads\/2024\/11\/WhatsApp-Image-2024-11-07-at-11.12.45-PM-300x200.jpeg 300w, https:\/\/graecherhof.ch\/wp-content\/uploads\/2024\/11\/WhatsApp-Image-2024-11-07-at-11.12.45-PM-1024x682.jpeg 1024w, https:\/\/graecherhof.ch\/wp-content\/uploads\/2024\/11\/WhatsApp-Image-2024-11-07-at-11.12.45-PM-768x512.jpeg 768w, https:\/\/graecherhof.ch\/wp-content\/uploads\/2024\/11\/WhatsApp-Image-2024-11-07-at-11.12.45-PM-600x400.jpeg 600w\" sizes=\"(max-width: 1424px) 100vw, 1424px\" \/>\t\t\t\t\t\t\t\t\t\t\t\t\t\t\t<\/div>\n\t\t\t\t<\/div>\n\t\t\t\t\t<\/div>\n\t\t<\/div>\n\t\t\t\t<div class=\"elementor-column elementor-col-50 elementor-inner-column elementor-element elementor-element-ecad697\" data-id=\"ecad697\" data-element_type=\"column\" data-e-type=\"column\">\n\t\t\t<div class=\"elementor-widget-wrap elementor-element-populated\">\n\t\t\t\t\t\t<div class=\"elementor-element elementor-element-877aab1 elementor-widget elementor-widget-heading\" data-id=\"877aab1\" data-element_type=\"widget\" data-e-type=\"widget\" data-widget_type=\"heading.default\">\n\t\t\t\t<div class=\"elementor-widget-container\">\n\t\t\t\t\t<h2 class=\"elementor-heading-title elementor-size-default\">Douche Aventure<\/h2>\t\t\t\t<\/div>\n\t\t\t\t<\/div>\n\t\t\t\t<div class=\"elementor-element elementor-element-97e9f5f elementor-widget__width-initial elementor-widget elementor-widget-text-editor\" data-id=\"97e9f5f\" data-element_type=\"widget\" data-e-type=\"widget\" data-widget_type=\"text-editor.default\">\n\t\t\t\t<div class=\"elementor-widget-container\">\n\t\t\t\t\t\t\t\t\t<p>Inspir\u00e9es par les \u00e9l\u00e9ments de la montagne, nos douches aventure simulent un ruisseau de montagne ou un orage d&rsquo;\u00e9t\u00e9, offrant une exp\u00e9rience sensorielle rafra\u00eechissante.<\/p>\t\t\t\t\t\t\t\t<\/div>\n\t\t\t\t<\/div>\n\t\t\t\t\t<\/div>\n\t\t<\/div>\n\t\t\t\t\t<\/div>\n\t\t<\/section>\n\t\t\t\t<section class=\"elementor-section elementor-inner-section elementor-element elementor-element-cbc25fb elementor-section-full_width elementor-section-height-default elementor-section-height-default\" data-id=\"cbc25fb\" data-element_type=\"section\" data-e-type=\"section\">\n\t\t\t\t\t\t<div class=\"elementor-container elementor-column-gap-no\">\n\t\t\t\t\t<div class=\"elementor-column elementor-col-50 elementor-inner-column elementor-element elementor-element-1e0b1e8\" data-id=\"1e0b1e8\" data-element_type=\"column\" data-e-type=\"column\">\n\t\t\t<div class=\"elementor-widget-wrap elementor-element-populated\">\n\t\t\t\t\t\t<div class=\"elementor-element elementor-element-2dc779e elementor-widget elementor-widget-heading\" data-id=\"2dc779e\" data-element_type=\"widget\" data-e-type=\"widget\" data-widget_type=\"heading.default\">\n\t\t\t\t<div class=\"elementor-widget-container\">\n\t\t\t\t\t<h2 class=\"elementor-heading-title elementor-size-default\">Bain de Pieds Whirlpool<\/h2>\t\t\t\t<\/div>\n\t\t\t\t<\/div>\n\t\t\t\t<div class=\"elementor-element elementor-element-8fb35ed elementor-widget__width-initial elementor-widget elementor-widget-text-editor\" data-id=\"8fb35ed\" data-element_type=\"widget\" data-e-type=\"widget\" data-widget_type=\"text-editor.default\">\n\t\t\t\t<div class=\"elementor-widget-container\">\n\t\t\t\t\t\t\t\t\t<p>Apaisez vos pieds et vos jambes fatigu\u00e9s avec nos bains de pieds \u00e0 remous, con\u00e7us pour stimuler la circulation et activer votre m\u00e9tabolisme.<\/p>\t\t\t\t\t\t\t\t<\/div>\n\t\t\t\t<\/div>\n\t\t\t\t\t<\/div>\n\t\t<\/div>\n\t\t\t\t<div class=\"elementor-column elementor-col-50 elementor-inner-column elementor-element elementor-element-e0dcae8\" data-id=\"e0dcae8\" data-element_type=\"column\" data-e-type=\"column\">\n\t\t\t<div class=\"elementor-widget-wrap elementor-element-populated\">\n\t\t\t\t\t\t<div class=\"elementor-element elementor-element-c3f3735 elementor-widget elementor-widget-image\" data-id=\"c3f3735\" data-element_type=\"widget\" data-e-type=\"widget\" data-widget_type=\"image.default\">\n\t\t\t\t<div class=\"elementor-widget-container\">\n\t\t\t\t\t\t\t\t\t\t\t\t\t\t\t<img loading=\"lazy\" decoding=\"async\" width=\"1139\" height=\"760\" src=\"https:\/\/graecherhof.ch\/wp-content\/uploads\/2024\/11\/WhatsApp-Image-2024-11-07-at-11.13.21-PM.jpeg\" class=\"attachment-full size-full wp-image-5059\" alt=\"Rejuvenate in our tranquil wellness spa with mountain views in the Swiss Alps\" srcset=\"https:\/\/graecherhof.ch\/wp-content\/uploads\/2024\/11\/WhatsApp-Image-2024-11-07-at-11.13.21-PM.jpeg 1139w, https:\/\/graecherhof.ch\/wp-content\/uploads\/2024\/11\/WhatsApp-Image-2024-11-07-at-11.13.21-PM-300x200.jpeg 300w, https:\/\/graecherhof.ch\/wp-content\/uploads\/2024\/11\/WhatsApp-Image-2024-11-07-at-11.13.21-PM-1024x683.jpeg 1024w, https:\/\/graecherhof.ch\/wp-content\/uploads\/2024\/11\/WhatsApp-Image-2024-11-07-at-11.13.21-PM-768x512.jpeg 768w, https:\/\/graecherhof.ch\/wp-content\/uploads\/2024\/11\/WhatsApp-Image-2024-11-07-at-11.13.21-PM-600x400.jpeg 600w\" sizes=\"(max-width: 1139px) 100vw, 1139px\" \/>\t\t\t\t\t\t\t\t\t\t\t\t\t\t\t<\/div>\n\t\t\t\t<\/div>\n\t\t\t\t\t<\/div>\n\t\t<\/div>\n\t\t\t\t\t<\/div>\n\t\t<\/section>\n\t\t\t\t<section class=\"elementor-section elementor-inner-section elementor-element elementor-element-56ca50e elementor-section-full_width elementor-section-height-default elementor-section-height-default\" data-id=\"56ca50e\" data-element_type=\"section\" data-e-type=\"section\">\n\t\t\t\t\t\t<div class=\"elementor-container elementor-column-gap-no\">\n\t\t\t\t\t<div class=\"elementor-column elementor-col-50 elementor-inner-column elementor-element elementor-element-748845c\" data-id=\"748845c\" data-element_type=\"column\" data-e-type=\"column\">\n\t\t\t<div class=\"elementor-widget-wrap elementor-element-populated\">\n\t\t\t\t\t\t<div class=\"elementor-element elementor-element-d10879e elementor-widget elementor-widget-image\" data-id=\"d10879e\" data-element_type=\"widget\" data-e-type=\"widget\" data-widget_type=\"image.default\">\n\t\t\t\t<div class=\"elementor-widget-container\">\n\t\t\t\t\t\t\t\t\t\t\t\t\t\t\t<img loading=\"lazy\" decoding=\"async\" width=\"1424\" height=\"949\" src=\"https:\/\/graecherhof.ch\/wp-content\/uploads\/2024\/11\/1174fa12248853587f614476a4d2cbf0.jpg\" class=\"attachment-full size-full wp-image-5042\" alt=\"Alpine spa retreat featuring sauna, steam rooms, and relaxing treatments in Gr\u00e4chen\" srcset=\"https:\/\/graecherhof.ch\/wp-content\/uploads\/2024\/11\/1174fa12248853587f614476a4d2cbf0.jpg 1424w, https:\/\/graecherhof.ch\/wp-content\/uploads\/2024\/11\/1174fa12248853587f614476a4d2cbf0-300x200.jpg 300w, https:\/\/graecherhof.ch\/wp-content\/uploads\/2024\/11\/1174fa12248853587f614476a4d2cbf0-1024x682.jpg 1024w, https:\/\/graecherhof.ch\/wp-content\/uploads\/2024\/11\/1174fa12248853587f614476a4d2cbf0-768x512.jpg 768w, https:\/\/graecherhof.ch\/wp-content\/uploads\/2024\/11\/1174fa12248853587f614476a4d2cbf0-600x400.jpg 600w\" sizes=\"(max-width: 1424px) 100vw, 1424px\" \/>\t\t\t\t\t\t\t\t\t\t\t\t\t\t\t<\/div>\n\t\t\t\t<\/div>\n\t\t\t\t\t<\/div>\n\t\t<\/div>\n\t\t\t\t<div class=\"elementor-column elementor-col-50 elementor-inner-column elementor-element elementor-element-e617848\" data-id=\"e617848\" data-element_type=\"column\" data-e-type=\"column\">\n\t\t\t<div class=\"elementor-widget-wrap elementor-element-populated\">\n\t\t\t\t\t\t<div class=\"elementor-element elementor-element-3f67b41 elementor-widget elementor-widget-heading\" data-id=\"3f67b41\" data-element_type=\"widget\" data-e-type=\"widget\" data-widget_type=\"heading.default\">\n\t\t\t\t<div class=\"elementor-widget-container\">\n\t\t\t\t\t<h2 class=\"elementor-heading-title elementor-size-default\">Chalet avec Chemin\u00e9e Ouverte<\/h2>\t\t\t\t<\/div>\n\t\t\t\t<\/div>\n\t\t\t\t<div class=\"elementor-element elementor-element-c5b21a3 elementor-widget__width-initial elementor-widget elementor-widget-text-editor\" data-id=\"c5b21a3\" data-element_type=\"widget\" data-e-type=\"widget\" data-widget_type=\"text-editor.default\">\n\t\t\t\t<div class=\"elementor-widget-container\">\n\t\t\t\t\t\t\t\t\t<p>D\u00e9tendez-vous dans une atmosph\u00e8re chaleureuse dans notre espace de relaxation, o\u00f9 une chemin\u00e9e cr\u00e9pitante ajoute chaleur et confort \u00e0 votre exp\u00e9rience alpine.<\/p>\t\t\t\t\t\t\t\t<\/div>\n\t\t\t\t<\/div>\n\t\t\t\t\t<\/div>\n\t\t<\/div>\n\t\t\t\t\t<\/div>\n\t\t<\/section>\n\t\t\t\t<section class=\"elementor-section elementor-inner-section elementor-element elementor-element-d15f585 elementor-section-full_width elementor-section-height-default elementor-section-height-default\" data-id=\"d15f585\" data-element_type=\"section\" data-e-type=\"section\">\n\t\t\t\t\t\t<div class=\"elementor-container elementor-column-gap-no\">\n\t\t\t\t\t<div class=\"elementor-column elementor-col-50 elementor-inner-column elementor-element elementor-element-95c2650\" data-id=\"95c2650\" data-element_type=\"column\" data-e-type=\"column\">\n\t\t\t<div class=\"elementor-widget-wrap elementor-element-populated\">\n\t\t\t\t\t\t<div class=\"elementor-element elementor-element-5887ba3 elementor-widget elementor-widget-heading\" data-id=\"5887ba3\" data-element_type=\"widget\" data-e-type=\"widget\" data-widget_type=\"heading.default\">\n\t\t\t\t<div class=\"elementor-widget-container\">\n\t\t\t\t\t<h2 class=\"elementor-heading-title elementor-size-default\">Bar \u00e0 Jus &amp; Th\u00e9s<\/h2>\t\t\t\t<\/div>\n\t\t\t\t<\/div>\n\t\t\t\t<div class=\"elementor-element elementor-element-6f14654 elementor-widget__width-initial elementor-widget elementor-widget-text-editor\" data-id=\"6f14654\" data-element_type=\"widget\" data-e-type=\"widget\" data-widget_type=\"text-editor.default\">\n\t\t\t\t<div class=\"elementor-widget-container\">\n\t\t\t\t\t\t\t\t\tR\u00e9hydratez-vous et rechargez vos batteries avec une s\u00e9lection de jus riches en vitamines et de th\u00e9s soigneusement choisis, con\u00e7us pour am\u00e9liorer votre bien-\u00eatre.\t\t\t\t\t\t\t\t<\/div>\n\t\t\t\t<\/div>\n\t\t\t\t\t<\/div>\n\t\t<\/div>\n\t\t\t\t<div class=\"elementor-column elementor-col-50 elementor-inner-column elementor-element elementor-element-04ecda6\" data-id=\"04ecda6\" data-element_type=\"column\" data-e-type=\"column\">\n\t\t\t<div class=\"elementor-widget-wrap elementor-element-populated\">\n\t\t\t\t\t\t<div class=\"elementor-element elementor-element-4740245 elementor-widget elementor-widget-image\" data-id=\"4740245\" data-element_type=\"widget\" data-e-type=\"widget\" data-widget_type=\"image.default\">\n\t\t\t\t<div class=\"elementor-widget-container\">\n\t\t\t\t\t\t\t\t\t\t\t\t\t\t\t<img loading=\"lazy\" decoding=\"async\" width=\"1424\" height=\"949\" src=\"https:\/\/graecherhof.ch\/wp-content\/uploads\/2024\/11\/WhatsApp-Image-2024-11-07-at-11.14.13-PM.jpeg\" class=\"attachment-full size-full wp-image-5060\" alt=\"Alpine spa retreat featuring sauna, steam rooms, and relaxing treatments in Gr\u00e4chen\" srcset=\"https:\/\/graecherhof.ch\/wp-content\/uploads\/2024\/11\/WhatsApp-Image-2024-11-07-at-11.14.13-PM.jpeg 1424w, https:\/\/graecherhof.ch\/wp-content\/uploads\/2024\/11\/WhatsApp-Image-2024-11-07-at-11.14.13-PM-300x200.jpeg 300w, https:\/\/graecherhof.ch\/wp-content\/uploads\/2024\/11\/WhatsApp-Image-2024-11-07-at-11.14.13-PM-1024x682.jpeg 1024w, https:\/\/graecherhof.ch\/wp-content\/uploads\/2024\/11\/WhatsApp-Image-2024-11-07-at-11.14.13-PM-768x512.jpeg 768w, https:\/\/graecherhof.ch\/wp-content\/uploads\/2024\/11\/WhatsApp-Image-2024-11-07-at-11.14.13-PM-600x400.jpeg 600w\" sizes=\"(max-width: 1424px) 100vw, 1424px\" \/>\t\t\t\t\t\t\t\t\t\t\t\t\t\t\t<\/div>\n\t\t\t\t<\/div>\n\t\t\t\t\t<\/div>\n\t\t<\/div>\n\t\t\t\t\t<\/div>\n\t\t<\/section>\n\t\t\t\t\t<\/div>\n\t\t<\/div>\n\t\t\t\t\t<\/div>\n\t\t<\/section>\n\t\t\t\t<\/div>\n\t\t","protected":false},"excerpt":{"rendered":"<p>ESPACE BIEN-\u00caTRE D\u00e9tente et R\u00e9g\u00e9n\u00e9ration \u00e0 l&#039;Espace Bien-\u00catre Alpin de l&#039;H\u00f4tel Gr\u00e4cherhof Entrez dans plus de 240 m\u00b2 de pure tranquillit\u00e9, o\u00f9 nos invit\u00e9s sont invit\u00e9s \u00e0 se d\u00e9tendre et se revitaliser dans un refuge vivifiant et agr\u00e9able, nich\u00e9 au c\u0153ur des Alpes. Que vous ayez pass\u00e9 la journ\u00e9e \u00e0 faire de la randonn\u00e9e, du [&hellip;]<\/p>\n","protected":false},"author":1,"featured_media":0,"parent":0,"menu_order":0,"comment_status":"closed","ping_status":"closed","template":"elementor_header_footer","meta":{"footnotes":""},"class_list":["post-8559","page","type-page","status-publish","hentry"],"yoast_head":"<!-- This site is optimized with the Yoast SEO plugin v27.5 - https:\/\/yoast.com\/product\/yoast-seo-wordpress\/ -->\n<title>Bien-\u00eatre alpin \u00e0 l&#039;h\u00f4tel Gr\u00e4cherhof - D\u00e9tente \u00e0 Gr\u00e4chen<\/title>\n<meta name=\"description\" content=\"D\u00e9tendez-vous dans l&#039;espace bien-\u00eatre alpin de l&#039;h\u00f4tel Gr\u00e4cherhof \u00e0 Gr\u00e4chen. Profitez des saunas, des bains \u00e0 bulles, des douches aventureuses et des exp\u00e9riences de spa tranquilles dans les Alpes suisses.\" \/>\n<meta name=\"robots\" content=\"index, follow, max-snippet:-1, max-image-preview:large, max-video-preview:-1\" \/>\n<link rel=\"canonical\" href=\"https:\/\/graecherhof.ch\/fr\/bien-etre\/\" \/>\n<meta property=\"og:locale\" content=\"fr_FR\" \/>\n<meta property=\"og:type\" content=\"article\" \/>\n<meta property=\"og:title\" content=\"Bien-\u00eatre alpin \u00e0 l&#039;h\u00f4tel Gr\u00e4cherhof - D\u00e9tente \u00e0 Gr\u00e4chen\" \/>\n<meta property=\"og:description\" content=\"D\u00e9tendez-vous dans l&#039;espace bien-\u00eatre alpin de l&#039;h\u00f4tel Gr\u00e4cherhof \u00e0 Gr\u00e4chen. Profitez des saunas, des bains \u00e0 bulles, des douches aventureuses et des exp\u00e9riences de spa tranquilles dans les Alpes suisses.\" \/>\n<meta property=\"og:url\" content=\"https:\/\/graecherhof.ch\/fr\/bien-etre\/\" \/>\n<meta property=\"og:site_name\" content=\"Graecherhof\" \/>\n<meta property=\"article:modified_time\" content=\"2025-01-18T15:32:52+00:00\" \/>\n<meta property=\"og:image\" content=\"https:\/\/dev-v2.graecherhof.ch\/wp-content\/uploads\/2024\/11\/WhatsApp-Image-2024-11-07-at-10.50.47-PM.jpeg\" \/>\n<meta name=\"twitter:card\" content=\"summary_large_image\" \/>\n<meta name=\"twitter:label1\" content=\"Dur\u00e9e de lecture estim\u00e9e\" \/>\n\t<meta name=\"twitter:data1\" content=\"10 minutes\" \/>\n<script type=\"application\/ld+json\" class=\"yoast-schema-graph\">{\"@context\":\"https:\\\/\\\/schema.org\",\"@graph\":[{\"@type\":\"WebPage\",\"@id\":\"https:\\\/\\\/graecherhof.ch\\\/fr\\\/bien-etre\\\/\",\"url\":\"https:\\\/\\\/graecherhof.ch\\\/fr\\\/bien-etre\\\/\",\"name\":\"Bien-\u00eatre alpin \u00e0 l'h\u00f4tel Gr\u00e4cherhof - D\u00e9tente \u00e0 Gr\u00e4chen\",\"isPartOf\":{\"@id\":\"https:\\\/\\\/graecherhof.ch\\\/#website\"},\"primaryImageOfPage\":{\"@id\":\"https:\\\/\\\/graecherhof.ch\\\/fr\\\/bien-etre\\\/#primaryimage\"},\"image\":{\"@id\":\"https:\\\/\\\/graecherhof.ch\\\/fr\\\/bien-etre\\\/#primaryimage\"},\"thumbnailUrl\":\"https:\\\/\\\/dev-v2.graecherhof.ch\\\/wp-content\\\/uploads\\\/2024\\\/11\\\/WhatsApp-Image-2024-11-07-at-10.50.47-PM.jpeg\",\"datePublished\":\"2024-11-07T20:30:43+00:00\",\"dateModified\":\"2025-01-18T15:32:52+00:00\",\"description\":\"D\u00e9tendez-vous dans l'espace bien-\u00eatre alpin de l'h\u00f4tel Gr\u00e4cherhof \u00e0 Gr\u00e4chen. Profitez des saunas, des bains \u00e0 bulles, des douches aventureuses et des exp\u00e9riences de spa tranquilles dans les Alpes suisses.\",\"breadcrumb\":{\"@id\":\"https:\\\/\\\/graecherhof.ch\\\/fr\\\/bien-etre\\\/#breadcrumb\"},\"inLanguage\":\"fr-FR\",\"potentialAction\":[{\"@type\":\"ReadAction\",\"target\":[\"https:\\\/\\\/graecherhof.ch\\\/fr\\\/bien-etre\\\/\"]}]},{\"@type\":\"ImageObject\",\"inLanguage\":\"fr-FR\",\"@id\":\"https:\\\/\\\/graecherhof.ch\\\/fr\\\/bien-etre\\\/#primaryimage\",\"url\":\"https:\\\/\\\/dev-v2.graecherhof.ch\\\/wp-content\\\/uploads\\\/2024\\\/11\\\/WhatsApp-Image-2024-11-07-at-10.50.47-PM.jpeg\",\"contentUrl\":\"https:\\\/\\\/dev-v2.graecherhof.ch\\\/wp-content\\\/uploads\\\/2024\\\/11\\\/WhatsApp-Image-2024-11-07-at-10.50.47-PM.jpeg\"},{\"@type\":\"BreadcrumbList\",\"@id\":\"https:\\\/\\\/graecherhof.ch\\\/fr\\\/bien-etre\\\/#breadcrumb\",\"itemListElement\":[{\"@type\":\"ListItem\",\"position\":1,\"name\":\"Home\",\"item\":\"https:\\\/\\\/graecherhof.ch\\\/fr\\\/\"},{\"@type\":\"ListItem\",\"position\":2,\"name\":\"Bien-\u00eatre\"}]},{\"@type\":\"WebSite\",\"@id\":\"https:\\\/\\\/graecherhof.ch\\\/#website\",\"url\":\"https:\\\/\\\/graecherhof.ch\\\/\",\"name\":\"Graecherhof\",\"description\":\"Hotel &amp; SPA\",\"potentialAction\":[{\"@type\":\"SearchAction\",\"target\":{\"@type\":\"EntryPoint\",\"urlTemplate\":\"https:\\\/\\\/graecherhof.ch\\\/?s={search_term_string}\"},\"query-input\":{\"@type\":\"PropertyValueSpecification\",\"valueRequired\":true,\"valueName\":\"search_term_string\"}}],\"inLanguage\":\"fr-FR\"}]}<\/script>\n<!-- \/ Yoast SEO plugin. -->","yoast_head_json":{"title":"Bien-\u00eatre alpin \u00e0 l'h\u00f4tel Gr\u00e4cherhof - D\u00e9tente \u00e0 Gr\u00e4chen","description":"D\u00e9tendez-vous dans l'espace bien-\u00eatre alpin de l'h\u00f4tel Gr\u00e4cherhof \u00e0 Gr\u00e4chen. Profitez des saunas, des bains \u00e0 bulles, des douches aventureuses et des exp\u00e9riences de spa tranquilles dans les Alpes suisses.","robots":{"index":"index","follow":"follow","max-snippet":"max-snippet:-1","max-image-preview":"max-image-preview:large","max-video-preview":"max-video-preview:-1"},"canonical":"https:\/\/graecherhof.ch\/fr\/bien-etre\/","og_locale":"fr_FR","og_type":"article","og_title":"Bien-\u00eatre alpin \u00e0 l'h\u00f4tel Gr\u00e4cherhof - D\u00e9tente \u00e0 Gr\u00e4chen","og_description":"D\u00e9tendez-vous dans l'espace bien-\u00eatre alpin de l'h\u00f4tel Gr\u00e4cherhof \u00e0 Gr\u00e4chen. Profitez des saunas, des bains \u00e0 bulles, des douches aventureuses et des exp\u00e9riences de spa tranquilles dans les Alpes suisses.","og_url":"https:\/\/graecherhof.ch\/fr\/bien-etre\/","og_site_name":"Graecherhof","article_modified_time":"2025-01-18T15:32:52+00:00","og_image":[{"url":"https:\/\/dev-v2.graecherhof.ch\/wp-content\/uploads\/2024\/11\/WhatsApp-Image-2024-11-07-at-10.50.47-PM.jpeg","type":"","width":"","height":""}],"twitter_card":"summary_large_image","twitter_misc":{"Dur\u00e9e de lecture estim\u00e9e":"10 minutes"},"schema":{"@context":"https:\/\/schema.org","@graph":[{"@type":"WebPage","@id":"https:\/\/graecherhof.ch\/fr\/bien-etre\/","url":"https:\/\/graecherhof.ch\/fr\/bien-etre\/","name":"Bien-\u00eatre alpin \u00e0 l'h\u00f4tel Gr\u00e4cherhof - D\u00e9tente \u00e0 Gr\u00e4chen","isPartOf":{"@id":"https:\/\/graecherhof.ch\/#website"},"primaryImageOfPage":{"@id":"https:\/\/graecherhof.ch\/fr\/bien-etre\/#primaryimage"},"image":{"@id":"https:\/\/graecherhof.ch\/fr\/bien-etre\/#primaryimage"},"thumbnailUrl":"https:\/\/dev-v2.graecherhof.ch\/wp-content\/uploads\/2024\/11\/WhatsApp-Image-2024-11-07-at-10.50.47-PM.jpeg","datePublished":"2024-11-07T20:30:43+00:00","dateModified":"2025-01-18T15:32:52+00:00","description":"D\u00e9tendez-vous dans l'espace bien-\u00eatre alpin de l'h\u00f4tel Gr\u00e4cherhof \u00e0 Gr\u00e4chen. Profitez des saunas, des bains \u00e0 bulles, des douches aventureuses et des exp\u00e9riences de spa tranquilles dans les Alpes suisses.","breadcrumb":{"@id":"https:\/\/graecherhof.ch\/fr\/bien-etre\/#breadcrumb"},"inLanguage":"fr-FR","potentialAction":[{"@type":"ReadAction","target":["https:\/\/graecherhof.ch\/fr\/bien-etre\/"]}]},{"@type":"ImageObject","inLanguage":"fr-FR","@id":"https:\/\/graecherhof.ch\/fr\/bien-etre\/#primaryimage","url":"https:\/\/dev-v2.graecherhof.ch\/wp-content\/uploads\/2024\/11\/WhatsApp-Image-2024-11-07-at-10.50.47-PM.jpeg","contentUrl":"https:\/\/dev-v2.graecherhof.ch\/wp-content\/uploads\/2024\/11\/WhatsApp-Image-2024-11-07-at-10.50.47-PM.jpeg"},{"@type":"BreadcrumbList","@id":"https:\/\/graecherhof.ch\/fr\/bien-etre\/#breadcrumb","itemListElement":[{"@type":"ListItem","position":1,"name":"Home","item":"https:\/\/graecherhof.ch\/fr\/"},{"@type":"ListItem","position":2,"name":"Bien-\u00eatre"}]},{"@type":"WebSite","@id":"https:\/\/graecherhof.ch\/#website","url":"https:\/\/graecherhof.ch\/","name":"Graecherhof","description":"Hotel &amp; SPA","potentialAction":[{"@type":"SearchAction","target":{"@type":"EntryPoint","urlTemplate":"https:\/\/graecherhof.ch\/?s={search_term_string}"},"query-input":{"@type":"PropertyValueSpecification","valueRequired":true,"valueName":"search_term_string"}}],"inLanguage":"fr-FR"}]}},"_links":{"self":[{"href":"https:\/\/graecherhof.ch\/fr\/wp-json\/wp\/v2\/pages\/8559","targetHints":{"allow":["GET"]}}],"collection":[{"href":"https:\/\/graecherhof.ch\/fr\/wp-json\/wp\/v2\/pages"}],"about":[{"href":"https:\/\/graecherhof.ch\/fr\/wp-json\/wp\/v2\/types\/page"}],"author":[{"embeddable":true,"href":"https:\/\/graecherhof.ch\/fr\/wp-json\/wp\/v2\/users\/1"}],"replies":[{"embeddable":true,"href":"https:\/\/graecherhof.ch\/fr\/wp-json\/wp\/v2\/comments?post=8559"}],"version-history":[{"count":9,"href":"https:\/\/graecherhof.ch\/fr\/wp-json\/wp\/v2\/pages\/8559\/revisions"}],"predecessor-version":[{"id":9308,"href":"https:\/\/graecherhof.ch\/fr\/wp-json\/wp\/v2\/pages\/8559\/revisions\/9308"}],"wp:attachment":[{"href":"https:\/\/graecherhof.ch\/fr\/wp-json\/wp\/v2\/media?parent=8559"}],"curies":[{"name":"wp","href":"https:\/\/api.w.org\/{rel}","templated":true}]}}