{"id":8801,"date":"2022-02-15T07:23:26","date_gmt":"2022-02-15T07:23:26","guid":{"rendered":"https:\/\/dev-v2.graecherhof.ch\/product\/classique\/"},"modified":"2025-01-07T13:20:16","modified_gmt":"2025-01-07T13:20:16","slug":"classique","status":"publish","type":"product","link":"https:\/\/graecherhof.ch\/fr\/produit\/classique\/","title":{"rendered":"Classique"},"content":{"rendered":"<p>Une chambre avec vue sur la montagne c\u00f4t\u00e9 est et une petite salle de bain. Occupation possible : 2 adultes, en plus 1 canap\u00e9-lit suppl\u00e9mentaire pour une personne ou un lit pour b\u00e9b\u00e9.<\/p>\n","protected":false},"excerpt":{"rendered":"<p>Les chambres de luxe pr\u00e9sentent des int\u00e9rieurs spacieux et lumineux avec des planchers en bois aux finitions \u00e9l\u00e9gantes. Avec sa conception ouverte, cette pi\u00e8ce offre un espace id\u00e9al pour se d\u00e9tendre.<\/p>\n","protected":false},"featured_media":9862,"comment_status":"open","ping_status":"closed","template":"","meta":[],"product_brand":[],"product_cat":[76,75],"product_tag":[77],"class_list":{"0":"post-8801","1":"product","2":"type-product","3":"status-publish","4":"has-post-thumbnail","6":"product_cat-standard-fr","7":"product_cat-tous-les-hotels","8":"product_tag-classique","10":"first","11":"instock","12":"featured","13":"shipping-taxable","14":"purchasable","15":"product-type-ovabrw_car_rental"},"yoast_head":"<!-- This site is optimized with the Yoast SEO plugin v27.5 - https:\/\/yoast.com\/product\/yoast-seo-wordpress\/ -->\n<title>Classique - Graecherhof<\/title>\n<meta name=\"robots\" content=\"index, follow, max-snippet:-1, max-image-preview:large, max-video-preview:-1\" \/>\n<link rel=\"canonical\" href=\"https:\/\/graecherhof.ch\/fr\/produit\/classique\/\" \/>\n<meta property=\"og:locale\" content=\"fr_FR\" \/>\n<meta property=\"og:type\" content=\"article\" \/>\n<meta property=\"og:title\" content=\"Classique - Graecherhof\" \/>\n<meta property=\"og:description\" content=\"Les chambres de luxe pr\u00e9sentent des int\u00e9rieurs spacieux et lumineux avec des planchers en bois aux finitions \u00e9l\u00e9gantes. Avec sa conception ouverte, cette pi\u00e8ce offre un espace id\u00e9al pour se d\u00e9tendre.\" \/>\n<meta property=\"og:url\" content=\"https:\/\/graecherhof.ch\/fr\/produit\/classique\/\" \/>\n<meta property=\"og:site_name\" content=\"Graecherhof\" \/>\n<meta property=\"article:modified_time\" content=\"2025-01-07T13:20:16+00:00\" \/>\n<meta property=\"og:image\" content=\"https:\/\/graecherhof.ch\/wp-content\/uploads\/2022\/02\/fc5fa73e88898d89e29f3dd597ebf135-1.jpg\" \/>\n\t<meta property=\"og:image:width\" content=\"1707\" \/>\n\t<meta property=\"og:image:height\" content=\"1707\" \/>\n\t<meta property=\"og:image:type\" content=\"image\/jpeg\" \/>\n<meta name=\"twitter:card\" content=\"summary_large_image\" \/>\n<meta name=\"twitter:label1\" content=\"Dur\u00e9e de lecture estim\u00e9e\" \/>\n\t<meta name=\"twitter:data1\" content=\"1 minute\" \/>\n<script type=\"application\/ld+json\" class=\"yoast-schema-graph\">{\"@context\":\"https:\\\/\\\/schema.org\",\"@graph\":[{\"@type\":\"WebPage\",\"@id\":\"https:\\\/\\\/graecherhof.ch\\\/fr\\\/produit\\\/classique\\\/\",\"url\":\"https:\\\/\\\/graecherhof.ch\\\/fr\\\/produit\\\/classique\\\/\",\"name\":\"Classique - Graecherhof\",\"isPartOf\":{\"@id\":\"https:\\\/\\\/graecherhof.ch\\\/#website\"},\"primaryImageOfPage\":{\"@id\":\"https:\\\/\\\/graecherhof.ch\\\/fr\\\/produit\\\/classique\\\/#primaryimage\"},\"image\":{\"@id\":\"https:\\\/\\\/graecherhof.ch\\\/fr\\\/produit\\\/classique\\\/#primaryimage\"},\"thumbnailUrl\":\"https:\\\/\\\/graecherhof.ch\\\/wp-content\\\/uploads\\\/2022\\\/02\\\/33b2e6d1f60d4134a059b2eca3272be7.jpg\",\"datePublished\":\"2022-02-15T07:23:26+00:00\",\"dateModified\":\"2025-01-07T13:20:16+00:00\",\"breadcrumb\":{\"@id\":\"https:\\\/\\\/graecherhof.ch\\\/fr\\\/produit\\\/classique\\\/#breadcrumb\"},\"inLanguage\":\"fr-FR\",\"potentialAction\":[{\"@type\":\"ReadAction\",\"target\":[\"https:\\\/\\\/graecherhof.ch\\\/fr\\\/produit\\\/classique\\\/\"]}]},{\"@type\":\"ImageObject\",\"inLanguage\":\"fr-FR\",\"@id\":\"https:\\\/\\\/graecherhof.ch\\\/fr\\\/produit\\\/classique\\\/#primaryimage\",\"url\":\"https:\\\/\\\/graecherhof.ch\\\/wp-content\\\/uploads\\\/2022\\\/02\\\/33b2e6d1f60d4134a059b2eca3272be7.jpg\",\"contentUrl\":\"https:\\\/\\\/graecherhof.ch\\\/wp-content\\\/uploads\\\/2022\\\/02\\\/33b2e6d1f60d4134a059b2eca3272be7.jpg\",\"width\":1280,\"height\":853,\"caption\":\"Cozy premium room with stunning Gr\u00e4chen mountain views at Hotel Gr\u00e4cherhof\"},{\"@type\":\"BreadcrumbList\",\"@id\":\"https:\\\/\\\/graecherhof.ch\\\/fr\\\/produit\\\/classique\\\/#breadcrumb\",\"itemListElement\":[{\"@type\":\"ListItem\",\"position\":1,\"name\":\"Home\",\"item\":\"https:\\\/\\\/graecherhof.ch\\\/fr\\\/\"},{\"@type\":\"ListItem\",\"position\":2,\"name\":\"Shop\",\"item\":\"https:\\\/\\\/graecherhof.ch\\\/shop\\\/\"},{\"@type\":\"ListItem\",\"position\":3,\"name\":\"Classique\"}]},{\"@type\":\"WebSite\",\"@id\":\"https:\\\/\\\/graecherhof.ch\\\/#website\",\"url\":\"https:\\\/\\\/graecherhof.ch\\\/\",\"name\":\"Graecherhof\",\"description\":\"Hotel &amp; SPA\",\"potentialAction\":[{\"@type\":\"SearchAction\",\"target\":{\"@type\":\"EntryPoint\",\"urlTemplate\":\"https:\\\/\\\/graecherhof.ch\\\/?s={search_term_string}\"},\"query-input\":{\"@type\":\"PropertyValueSpecification\",\"valueRequired\":true,\"valueName\":\"search_term_string\"}}],\"inLanguage\":\"fr-FR\"}]}<\/script>\n<!-- \/ Yoast SEO plugin. -->","yoast_head_json":{"title":"Classique - Graecherhof","robots":{"index":"index","follow":"follow","max-snippet":"max-snippet:-1","max-image-preview":"max-image-preview:large","max-video-preview":"max-video-preview:-1"},"canonical":"https:\/\/graecherhof.ch\/fr\/produit\/classique\/","og_locale":"fr_FR","og_type":"article","og_title":"Classique - Graecherhof","og_description":"Les chambres de luxe pr\u00e9sentent des int\u00e9rieurs spacieux et lumineux avec des planchers en bois aux finitions \u00e9l\u00e9gantes. Avec sa conception ouverte, cette pi\u00e8ce offre un espace id\u00e9al pour se d\u00e9tendre.","og_url":"https:\/\/graecherhof.ch\/fr\/produit\/classique\/","og_site_name":"Graecherhof","article_modified_time":"2025-01-07T13:20:16+00:00","og_image":[{"width":1707,"height":1707,"url":"https:\/\/graecherhof.ch\/wp-content\/uploads\/2022\/02\/fc5fa73e88898d89e29f3dd597ebf135-1.jpg","type":"image\/jpeg"}],"twitter_card":"summary_large_image","twitter_misc":{"Dur\u00e9e de lecture estim\u00e9e":"1 minute"},"schema":{"@context":"https:\/\/schema.org","@graph":[{"@type":"WebPage","@id":"https:\/\/graecherhof.ch\/fr\/produit\/classique\/","url":"https:\/\/graecherhof.ch\/fr\/produit\/classique\/","name":"Classique - Graecherhof","isPartOf":{"@id":"https:\/\/graecherhof.ch\/#website"},"primaryImageOfPage":{"@id":"https:\/\/graecherhof.ch\/fr\/produit\/classique\/#primaryimage"},"image":{"@id":"https:\/\/graecherhof.ch\/fr\/produit\/classique\/#primaryimage"},"thumbnailUrl":"https:\/\/graecherhof.ch\/wp-content\/uploads\/2022\/02\/33b2e6d1f60d4134a059b2eca3272be7.jpg","datePublished":"2022-02-15T07:23:26+00:00","dateModified":"2025-01-07T13:20:16+00:00","breadcrumb":{"@id":"https:\/\/graecherhof.ch\/fr\/produit\/classique\/#breadcrumb"},"inLanguage":"fr-FR","potentialAction":[{"@type":"ReadAction","target":["https:\/\/graecherhof.ch\/fr\/produit\/classique\/"]}]},{"@type":"ImageObject","inLanguage":"fr-FR","@id":"https:\/\/graecherhof.ch\/fr\/produit\/classique\/#primaryimage","url":"https:\/\/graecherhof.ch\/wp-content\/uploads\/2022\/02\/33b2e6d1f60d4134a059b2eca3272be7.jpg","contentUrl":"https:\/\/graecherhof.ch\/wp-content\/uploads\/2022\/02\/33b2e6d1f60d4134a059b2eca3272be7.jpg","width":1280,"height":853,"caption":"Cozy premium room with stunning Gr\u00e4chen mountain views at Hotel Gr\u00e4cherhof"},{"@type":"BreadcrumbList","@id":"https:\/\/graecherhof.ch\/fr\/produit\/classique\/#breadcrumb","itemListElement":[{"@type":"ListItem","position":1,"name":"Home","item":"https:\/\/graecherhof.ch\/fr\/"},{"@type":"ListItem","position":2,"name":"Shop","item":"https:\/\/graecherhof.ch\/shop\/"},{"@type":"ListItem","position":3,"name":"Classique"}]},{"@type":"WebSite","@id":"https:\/\/graecherhof.ch\/#website","url":"https:\/\/graecherhof.ch\/","name":"Graecherhof","description":"Hotel &amp; SPA","potentialAction":[{"@type":"SearchAction","target":{"@type":"EntryPoint","urlTemplate":"https:\/\/graecherhof.ch\/?s={search_term_string}"},"query-input":{"@type":"PropertyValueSpecification","valueRequired":true,"valueName":"search_term_string"}}],"inLanguage":"fr-FR"}]}},"_links":{"self":[{"href":"https:\/\/graecherhof.ch\/fr\/wp-json\/wp\/v2\/product\/8801","targetHints":{"allow":["GET"]}}],"collection":[{"href":"https:\/\/graecherhof.ch\/fr\/wp-json\/wp\/v2\/product"}],"about":[{"href":"https:\/\/graecherhof.ch\/fr\/wp-json\/wp\/v2\/types\/product"}],"replies":[{"embeddable":true,"href":"https:\/\/graecherhof.ch\/fr\/wp-json\/wp\/v2\/comments?post=8801"}],"wp:featuredmedia":[{"embeddable":true,"href":"https:\/\/graecherhof.ch\/fr\/wp-json\/wp\/v2\/media\/9862"}],"wp:attachment":[{"href":"https:\/\/graecherhof.ch\/fr\/wp-json\/wp\/v2\/media?parent=8801"}],"wp:term":[{"taxonomy":"product_brand","embeddable":true,"href":"https:\/\/graecherhof.ch\/fr\/wp-json\/wp\/v2\/product_brand?post=8801"},{"taxonomy":"product_cat","embeddable":true,"href":"https:\/\/graecherhof.ch\/fr\/wp-json\/wp\/v2\/product_cat?post=8801"},{"taxonomy":"product_tag","embeddable":true,"href":"https:\/\/graecherhof.ch\/fr\/wp-json\/wp\/v2\/product_tag?post=8801"}],"curies":[{"name":"wp","href":"https:\/\/api.w.org\/{rel}","templated":true}]}}