{"id":8819,"date":"2022-02-15T07:29:07","date_gmt":"2022-02-15T07:29:07","guid":{"rendered":"https:\/\/dev-v2.graecherhof.ch\/product\/tour\/"},"modified":"2025-01-07T13:22:18","modified_gmt":"2025-01-07T13:22:18","slug":"tour","status":"publish","type":"product","link":"https:\/\/graecherhof.ch\/fr\/produit\/tour\/","title":{"rendered":"Tour"},"content":{"rendered":"<p>Une grande chambre de luxe avec vue sur les montagnes \u00e0 l&rsquo;est et une chemin\u00e9e su\u00e9doise. Occupation possible : 2 adultes, en plus 1 canap\u00e9-lit suppl\u00e9mentaire ou un lit b\u00e9b\u00e9 possible.<\/p>\n","protected":false},"excerpt":{"rendered":"<p>La chambre Premium est id\u00e9ale pour les voyageurs d&rsquo;affaires et de loisirs. Fonctionnelle mais luxueuse, elle offre une vue imprenable sur la plage et vous comblera.<\/p>\n","protected":false},"featured_media":10036,"comment_status":"open","ping_status":"closed","template":"","meta":[],"product_brand":[],"product_cat":[76,75],"product_tag":[83],"class_list":{"0":"post-8819","1":"product","2":"type-product","3":"status-publish","4":"has-post-thumbnail","6":"product_cat-standard-fr","7":"product_cat-tous-les-hotels","8":"product_tag-tour","10":"first","11":"instock","12":"featured","13":"shipping-taxable","14":"purchasable","15":"product-type-ovabrw_car_rental"},"yoast_head":"<!-- This site is optimized with the Yoast SEO plugin v27.5 - https:\/\/yoast.com\/product\/yoast-seo-wordpress\/ -->\n<title>Tour - Graecherhof<\/title>\n<meta name=\"robots\" content=\"index, follow, max-snippet:-1, max-image-preview:large, max-video-preview:-1\" \/>\n<link rel=\"canonical\" href=\"https:\/\/graecherhof.ch\/fr\/produit\/tour\/\" \/>\n<meta property=\"og:locale\" content=\"fr_FR\" \/>\n<meta property=\"og:type\" content=\"article\" \/>\n<meta property=\"og:title\" content=\"Tour - Graecherhof\" \/>\n<meta property=\"og:description\" content=\"La chambre Premium est id\u00e9ale pour les voyageurs d&#039;affaires et de loisirs. Fonctionnelle mais luxueuse, elle offre une vue imprenable sur la plage et vous comblera.\" \/>\n<meta property=\"og:url\" content=\"https:\/\/graecherhof.ch\/fr\/produit\/tour\/\" \/>\n<meta property=\"og:site_name\" content=\"Graecherhof\" \/>\n<meta property=\"article:modified_time\" content=\"2025-01-07T13:22:18+00:00\" \/>\n<meta property=\"og:image\" content=\"https:\/\/graecherhof.ch\/wp-content\/uploads\/2022\/02\/5f53e511728e8dfa7442f276661a23fd-1.jpg\" \/>\n\t<meta property=\"og:image:width\" content=\"1366\" \/>\n\t<meta property=\"og:image:height\" content=\"1366\" \/>\n\t<meta property=\"og:image:type\" content=\"image\/jpeg\" \/>\n<meta name=\"twitter:card\" content=\"summary_large_image\" \/>\n<meta name=\"twitter:label1\" content=\"Dur\u00e9e de lecture estim\u00e9e\" \/>\n\t<meta name=\"twitter:data1\" content=\"1 minute\" \/>\n<script type=\"application\/ld+json\" class=\"yoast-schema-graph\">{\"@context\":\"https:\\\/\\\/schema.org\",\"@graph\":[{\"@type\":\"WebPage\",\"@id\":\"https:\\\/\\\/graecherhof.ch\\\/fr\\\/produit\\\/tour\\\/\",\"url\":\"https:\\\/\\\/graecherhof.ch\\\/fr\\\/produit\\\/tour\\\/\",\"name\":\"Tour - Graecherhof\",\"isPartOf\":{\"@id\":\"https:\\\/\\\/graecherhof.ch\\\/#website\"},\"primaryImageOfPage\":{\"@id\":\"https:\\\/\\\/graecherhof.ch\\\/fr\\\/produit\\\/tour\\\/#primaryimage\"},\"image\":{\"@id\":\"https:\\\/\\\/graecherhof.ch\\\/fr\\\/produit\\\/tour\\\/#primaryimage\"},\"thumbnailUrl\":\"https:\\\/\\\/graecherhof.ch\\\/wp-content\\\/uploads\\\/2022\\\/02\\\/97cc9996bb7f4126a81ad2f892187b40.jpg\",\"datePublished\":\"2022-02-15T07:29:07+00:00\",\"dateModified\":\"2025-01-07T13:22:18+00:00\",\"breadcrumb\":{\"@id\":\"https:\\\/\\\/graecherhof.ch\\\/fr\\\/produit\\\/tour\\\/#breadcrumb\"},\"inLanguage\":\"fr-FR\",\"potentialAction\":[{\"@type\":\"ReadAction\",\"target\":[\"https:\\\/\\\/graecherhof.ch\\\/fr\\\/produit\\\/tour\\\/\"]}]},{\"@type\":\"ImageObject\",\"inLanguage\":\"fr-FR\",\"@id\":\"https:\\\/\\\/graecherhof.ch\\\/fr\\\/produit\\\/tour\\\/#primaryimage\",\"url\":\"https:\\\/\\\/graecherhof.ch\\\/wp-content\\\/uploads\\\/2022\\\/02\\\/97cc9996bb7f4126a81ad2f892187b40.jpg\",\"contentUrl\":\"https:\\\/\\\/graecherhof.ch\\\/wp-content\\\/uploads\\\/2022\\\/02\\\/97cc9996bb7f4126a81ad2f892187b40.jpg\",\"width\":1280,\"height\":853,\"caption\":\"Elegant and spacious hotel room at Hotel Gr\u00e4cherhof, perfect for a Swiss Alps getaway\"},{\"@type\":\"BreadcrumbList\",\"@id\":\"https:\\\/\\\/graecherhof.ch\\\/fr\\\/produit\\\/tour\\\/#breadcrumb\",\"itemListElement\":[{\"@type\":\"ListItem\",\"position\":1,\"name\":\"Home\",\"item\":\"https:\\\/\\\/graecherhof.ch\\\/fr\\\/\"},{\"@type\":\"ListItem\",\"position\":2,\"name\":\"Shop\",\"item\":\"https:\\\/\\\/graecherhof.ch\\\/shop\\\/\"},{\"@type\":\"ListItem\",\"position\":3,\"name\":\"Tour\"}]},{\"@type\":\"WebSite\",\"@id\":\"https:\\\/\\\/graecherhof.ch\\\/#website\",\"url\":\"https:\\\/\\\/graecherhof.ch\\\/\",\"name\":\"Graecherhof\",\"description\":\"Hotel &amp; SPA\",\"potentialAction\":[{\"@type\":\"SearchAction\",\"target\":{\"@type\":\"EntryPoint\",\"urlTemplate\":\"https:\\\/\\\/graecherhof.ch\\\/?s={search_term_string}\"},\"query-input\":{\"@type\":\"PropertyValueSpecification\",\"valueRequired\":true,\"valueName\":\"search_term_string\"}}],\"inLanguage\":\"fr-FR\"}]}<\/script>\n<!-- \/ Yoast SEO plugin. -->","yoast_head_json":{"title":"Tour - Graecherhof","robots":{"index":"index","follow":"follow","max-snippet":"max-snippet:-1","max-image-preview":"max-image-preview:large","max-video-preview":"max-video-preview:-1"},"canonical":"https:\/\/graecherhof.ch\/fr\/produit\/tour\/","og_locale":"fr_FR","og_type":"article","og_title":"Tour - Graecherhof","og_description":"La chambre Premium est id\u00e9ale pour les voyageurs d'affaires et de loisirs. Fonctionnelle mais luxueuse, elle offre une vue imprenable sur la plage et vous comblera.","og_url":"https:\/\/graecherhof.ch\/fr\/produit\/tour\/","og_site_name":"Graecherhof","article_modified_time":"2025-01-07T13:22:18+00:00","og_image":[{"width":1366,"height":1366,"url":"https:\/\/graecherhof.ch\/wp-content\/uploads\/2022\/02\/5f53e511728e8dfa7442f276661a23fd-1.jpg","type":"image\/jpeg"}],"twitter_card":"summary_large_image","twitter_misc":{"Dur\u00e9e de lecture estim\u00e9e":"1 minute"},"schema":{"@context":"https:\/\/schema.org","@graph":[{"@type":"WebPage","@id":"https:\/\/graecherhof.ch\/fr\/produit\/tour\/","url":"https:\/\/graecherhof.ch\/fr\/produit\/tour\/","name":"Tour - Graecherhof","isPartOf":{"@id":"https:\/\/graecherhof.ch\/#website"},"primaryImageOfPage":{"@id":"https:\/\/graecherhof.ch\/fr\/produit\/tour\/#primaryimage"},"image":{"@id":"https:\/\/graecherhof.ch\/fr\/produit\/tour\/#primaryimage"},"thumbnailUrl":"https:\/\/graecherhof.ch\/wp-content\/uploads\/2022\/02\/97cc9996bb7f4126a81ad2f892187b40.jpg","datePublished":"2022-02-15T07:29:07+00:00","dateModified":"2025-01-07T13:22:18+00:00","breadcrumb":{"@id":"https:\/\/graecherhof.ch\/fr\/produit\/tour\/#breadcrumb"},"inLanguage":"fr-FR","potentialAction":[{"@type":"ReadAction","target":["https:\/\/graecherhof.ch\/fr\/produit\/tour\/"]}]},{"@type":"ImageObject","inLanguage":"fr-FR","@id":"https:\/\/graecherhof.ch\/fr\/produit\/tour\/#primaryimage","url":"https:\/\/graecherhof.ch\/wp-content\/uploads\/2022\/02\/97cc9996bb7f4126a81ad2f892187b40.jpg","contentUrl":"https:\/\/graecherhof.ch\/wp-content\/uploads\/2022\/02\/97cc9996bb7f4126a81ad2f892187b40.jpg","width":1280,"height":853,"caption":"Elegant and spacious hotel room at Hotel Gr\u00e4cherhof, perfect for a Swiss Alps getaway"},{"@type":"BreadcrumbList","@id":"https:\/\/graecherhof.ch\/fr\/produit\/tour\/#breadcrumb","itemListElement":[{"@type":"ListItem","position":1,"name":"Home","item":"https:\/\/graecherhof.ch\/fr\/"},{"@type":"ListItem","position":2,"name":"Shop","item":"https:\/\/graecherhof.ch\/shop\/"},{"@type":"ListItem","position":3,"name":"Tour"}]},{"@type":"WebSite","@id":"https:\/\/graecherhof.ch\/#website","url":"https:\/\/graecherhof.ch\/","name":"Graecherhof","description":"Hotel &amp; SPA","potentialAction":[{"@type":"SearchAction","target":{"@type":"EntryPoint","urlTemplate":"https:\/\/graecherhof.ch\/?s={search_term_string}"},"query-input":{"@type":"PropertyValueSpecification","valueRequired":true,"valueName":"search_term_string"}}],"inLanguage":"fr-FR"}]}},"_links":{"self":[{"href":"https:\/\/graecherhof.ch\/fr\/wp-json\/wp\/v2\/product\/8819","targetHints":{"allow":["GET"]}}],"collection":[{"href":"https:\/\/graecherhof.ch\/fr\/wp-json\/wp\/v2\/product"}],"about":[{"href":"https:\/\/graecherhof.ch\/fr\/wp-json\/wp\/v2\/types\/product"}],"replies":[{"embeddable":true,"href":"https:\/\/graecherhof.ch\/fr\/wp-json\/wp\/v2\/comments?post=8819"}],"wp:featuredmedia":[{"embeddable":true,"href":"https:\/\/graecherhof.ch\/fr\/wp-json\/wp\/v2\/media\/10036"}],"wp:attachment":[{"href":"https:\/\/graecherhof.ch\/fr\/wp-json\/wp\/v2\/media?parent=8819"}],"wp:term":[{"taxonomy":"product_brand","embeddable":true,"href":"https:\/\/graecherhof.ch\/fr\/wp-json\/wp\/v2\/product_brand?post=8819"},{"taxonomy":"product_cat","embeddable":true,"href":"https:\/\/graecherhof.ch\/fr\/wp-json\/wp\/v2\/product_cat?post=8819"},{"taxonomy":"product_tag","embeddable":true,"href":"https:\/\/graecherhof.ch\/fr\/wp-json\/wp\/v2\/product_tag?post=8819"}],"curies":[{"name":"wp","href":"https:\/\/api.w.org\/{rel}","templated":true}]}}